{"id":31,"date":"2019-03-18T14:13:58","date_gmt":"2019-03-18T13:13:58","guid":{"rendered":"http:\/\/www.wordpress.ecrin.be\/?page_id=31"},"modified":"2026-03-20T10:31:56","modified_gmt":"2026-03-20T09:31:56","slug":"ecrin","status":"publish","type":"page","link":"https:\/\/www.ecrin.be\/?page_id=31","title":{"rendered":"Ecrin"},"content":{"rendered":"<div class=\"wpb-content-wrapper\"><p>[vc_row][vc_column]<div style=\"clear:both; width:100%; height:60px\"><\/div>[\/vc_column][\/vc_row][vc_row][vc_column][vc_tta_tabs style=\u00a0\u00bbmodern\u00a0\u00bb active_section=\u00a0\u00bb1&Prime; css_animation=\u00a0\u00bbfadeInDown\u00a0\u00bb][vc_tta_section i_type=\u00a0\u00bbentypo\u00a0\u00bb i_icon_entypo=\u00a0\u00bbentypo-icon entypo-icon-tools\u00a0\u00bb add_icon=\u00a0\u00bbtrue\u00a0\u00bb title=\u00a0\u00bbNos missions\u00a0\u00bb tab_id=\u00a0\u00bb1553765563870-6f7d4f83-e77c\u00a0\u00bb][vc_row_inner][vc_column_inner width=\u00a0\u00bb1\/2&Prime;]<div class=\"dt-title-wrapper\"><h1 class=\"section-title\">Qu'est-ce qu'un Centre culturel ?<\/h1><\/div>[vc_video link=\u00a0\u00bbhttps:\/\/vimeo.com\/333291243&Prime;][vc_video link=\u00a0\u00bbhttps:\/\/vimeo.com\/497644715&Prime;][\/vc_column_inner][vc_column_inner width=\u00a0\u00bb1\/2&Prime;]<div class=\"dt-title-wrapper\"><h1 class=\"section-title\">Nos enjeux<\/h1><\/div><h2 class=\"section-tagline\">D'ici \u00e0 2023<\/h2>[vc_column_text]Nous avons men\u00e9 un travail d\u2019analyse en vue de mettre en place de nouveaux objectifs en lien avec le public et le territoire sur lequel nous travaillons.<\/p>\n<p>Ce travail nous a permis de mettre en \u00e9vidence 4 enjeux.<\/p>\n<p>Notre travail pour les ann\u00e9es 2018 \u00e0 2023 consistera \u00e0 y apporter des r\u00e9ponses.[\/vc_column_text]<div class=\"ult_exp_section_layer ult-adjust-bottom-margin  \" >\n\t\t<div id=\"uvc-exp-wrap-1596\" role=\"button\" tabindex=\"0\" aria-pressed=\"false\"  data-ultimate-target='#uvc-exp-wrap-1596'  data-responsive-json-new='{\"font-size\":\"desktop:16px;\",\"line-height\":\"desktop:20px;\"}'  class=\"ult_exp_section  ult-responsive \" style=\"color:#333333;background-color:#dbdbdb; font-weight:normal; padding:8px;text-align:center;\" data-textcolor=\"#333333\"data-texthover=\"#333333\"data-icncolor=\"#000000\"data-ihover=\"#333333\"data-height=\"0\"data-cntbg=\"#dbdbdb\"data-cnthvrbg=\"#e5e5e5\"data-headerbg=\"#dbdbdb\"data-headerhover=\"#e5e5e5\"data-title=\"1 - Eghez\u00e9e : un carrefour\"data-newtitle=\"1 - Eghez\u00e9e : un carrefour\"data-icon=\"Defaults-chevron-down\"data-newicon=\"Defaults-chevron-up\"data-activeicon=\"#333333\"data-effect=\"slideToggle\"data-override=\"0\"data-activetitle=\"#333333\"data-activebg=\"#dbdbdb\"data-img=\"\"data-newimg=\"\"><div  class=\"ult_exp_section-main \">\n\t\t\t\t\t<div class=\"ult_expheader\" >1 - Eghez\u00e9e : un carrefour\n\t\t\t\t\t <\/div>\t<div class=\"ult-just-icon-wrapper ult_exp_icon\">\n\t\t\t\t\t<div class=\"align-icon \">\n\t\t\t\t\t\t\n<span class=\"aio-icon  none  ult_expsection_icon \"  style=\"color:#000000;font-size:12px;display:inline-block;\">\n\t<i class=\"Defaults-chevron-down ult_ex_icon\"  ><\/i>\n<\/span>\n\t\t\t\t\t<\/div>\n\t\t\t\t<\/div><\/div>\n\t\t\t\t<\/div><div class=\"ult_exp_content \" style=\"background-color:#f2f2f2;  \"><div class=\"ult_ecpsub_cont\" style=\" \" >[vc_column_text]<\/p>\n<h3>Faire de ce carrefour\u00a0routier un carrefour de rencontres de personnes, d\u2019id\u00e9es et de r\u00e9alit\u00e9s.<\/h3>\n<h3 style=\"text-align: center;\"><em>Observation<\/em><\/h3>\n<p>Eghez\u00e9e est un carrefour en milieu rural (central en Wallonie, \u00e0 mi-distance des villes).<\/p>\n<p>On s\u2019y croise (centre commercial et administratif, lignes de bus, sports, infrastructures culturelles), on en part pour travailler et on y revient pour se reposer. C\u2019est une zone \u00e0 la fois de rassemblement et de dispersion. Au sein de l\u2019entit\u00e9, la commune d\u2019Eghez\u00e9e, le village d\u2019Eghez\u00e9e (o\u00f9 se situe le b\u00e2timent du Centre culturel) peut aussi \u00eatre vu comme un carrefour o\u00f9 se croisent les personnes.<\/p>\n<h3 style=\"text-align: center;\"><em>Diagnostic<\/em><\/h3>\n<p>Les personnes ne s\u2019arr\u00eatent pas forc\u00e9ment dans ce carrefour qu\u2019est le centre d\u2019Eghez\u00e9e, pour se rencontrer, d\u00e9couvrir, exprimer leurs divergences et leurs convergences, \u00e9changer, agir ensemble. Ce d\u00e9ficit de rencontres risque de renforcer le repli sur soi.<\/p>\n<h3 style=\"text-align: center;\"><em>Objectif<\/em><\/h3>\n<p>Transformer le carrefour o\u00f9 l\u2019on se croise, en territoire d\u2019\u00e9changes et de rencontres.<\/p>\n<p>Pour cela, Ecrin\u00a0 cherchera \u00e0 d\u00e9velopper des projets et des activit\u00e9s qui feront prendre conscience\u00a0 des richesses humaines et soci\u00e9tales que cette \u00ab\u00a0identit\u00e9\u00a0\u00bb de carrefour peut apporter.\u00a0 C\u2019est en favorisant les rencontres et les \u00e9changes par l\u2019action culturelle, que l\u2019on d\u00e9veloppera\u00a0 un sentiment d\u2019appartenance propice \u00e0 l\u2019ouverture et \u00e0 l\u2019accueil aux personnes et aux id\u00e9es.[\/vc_column_text]<\/div><\/div>\n\n\t\t\t<\/div><div class=\"ult_exp_section_layer ult-adjust-bottom-margin  \" >\n\t\t<div id=\"uvc-exp-wrap-3317\" role=\"button\" tabindex=\"0\" aria-pressed=\"false\"  data-ultimate-target='#uvc-exp-wrap-3317'  data-responsive-json-new='{\"font-size\":\"desktop:16px;\",\"line-height\":\"desktop:20px;\"}'  class=\"ult_exp_section  ult-responsive \" style=\"color:#333333;background-color:#dbdbdb; font-weight:normal; padding:8px;text-align:center;\" data-textcolor=\"#333333\"data-texthover=\"#333333\"data-icncolor=\"#000000\"data-ihover=\"#333333\"data-height=\"0\"data-cntbg=\"#dbdbdb\"data-cnthvrbg=\"#e5e5e5\"data-headerbg=\"#dbdbdb\"data-headerhover=\"#e5e5e5\"data-title=\"2 - Eghez\u00e9e : un cadre de vie\"data-newtitle=\"2 - Eghez\u00e9e : un cadre de vie\"data-icon=\"Defaults-chevron-down\"data-newicon=\"Defaults-chevron-up\"data-activeicon=\"#333333\"data-effect=\"slideToggle\"data-override=\"0\"data-activetitle=\"#333333\"data-activebg=\"#dbdbdb\"data-img=\"\"data-newimg=\"\"><div  class=\"ult_exp_section-main \">\n\t\t\t\t\t<div class=\"ult_expheader\" >2 - Eghez\u00e9e : un cadre de vie\n\t\t\t\t\t <\/div>\t<div class=\"ult-just-icon-wrapper ult_exp_icon\">\n\t\t\t\t\t<div class=\"align-icon \">\n\t\t\t\t\t\t\n<span class=\"aio-icon  none  ult_expsection_icon \"  style=\"color:#000000;font-size:12px;display:inline-block;\">\n\t<i class=\"Defaults-chevron-down ult_ex_icon\"  ><\/i>\n<\/span>\n\t\t\t\t\t<\/div>\n\t\t\t\t<\/div><\/div>\n\t\t\t\t<\/div><div class=\"ult_exp_content \" style=\"background-color:#f2f2f2;  \"><div class=\"ult_ecpsub_cont\" style=\" \" >[vc_column_text]<\/p>\n<h3>Faire prendre conscience que les petits gestes font sens ensemble.\u00a0 Amener \u00e0\u00a0 devenir acteur du patrimoine.<\/h3>\n<h3 style=\"text-align: center;\"><em>Observation<\/em><\/h3>\n<p>Comme ailleurs en milieu rural, les villages d\u2019Eghez\u00e9e ne sont plus le cadre d\u2019une activit\u00e9 agricole mais des\u00a0 noyaux de r\u00e9sidences situ\u00e9s dans un environnement agricole constitutif du paysage alors m\u00eame que les caract\u00e9ristiques du milieu rural sont en voie de disparition (sentiers, liaisons entre sites naturels, patrimoine construit et historique\u2026).\u00a0 Les nombreux nouveaux habitants y apportent d\u2019autres modes de vie, des habitudes culturelles qui paraissent plus standardis\u00e9es, et souvent uniformis\u00e9es selon le mod\u00e8le urbain, que les natifs ont \u00e9galement tendance \u00e0 adopter.<\/p>\n<h3 style=\"text-align: center;\"><em>Diagnostic<\/em><\/h3>\n<p>Cette \u00e9volution, \u00e0 savoir la r\u00e9sidence dans un paysage dont on n\u2019est pas producteur, comporte le risque que les habitants ne s\u2019approprient pas leur lieu de vie,\u00a0que ce soit en s\u2019en sentant responsable (pr\u00e9servation et mise en valeur du patrimoine naturel et construit, insertion dans l\u2019histoire locale \u2026) ou que ce soit en s\u2019int\u00e9grant dans un lieu de vie collective.<\/p>\n<h3 style=\"text-align: center;\"><em>Objectif<\/em><\/h3>\n<p>Faire de nos villages des villages de rencontres et \u00e9viter qu\u2019ils ne se transforment en purs villages-dortoirs.<\/p>\n<p>Pour cela, Ecrin r\u00e9fl\u00e9chira \u00e0 proposer des projets participatifs pour d\u00e9couvrir et apprendre les caract\u00e9ristiques de son lieu de vie et son histoire, pour le mettre en valeur, le pr\u00e9server et partager son v\u00e9cu et aussi \u00e0 proposer des projets permettant l\u2019\u00e9change d\u2019exp\u00e9riences et de v\u00e9cus entre les villages.<\/p>\n<p>Il faudra veiller \u00e0 exp\u00e9rimenter de nouvelles pratiques, \u00e0 penser ensemble, avec les habitants, \u00e0 \u00eatre ouvert aux apports de tous, en soutenant et en collaborant avec les acteurs locaux attach\u00e9s au patrimoine et en cherchant \u00e0 faire vivre les villages\u00a0 au travers d\u2019animations culturelles et artistiques.[\/vc_column_text]<\/div><\/div>\n\n\t\t\t<\/div><div class=\"ult_exp_section_layer ult-adjust-bottom-margin  \" >\n\t\t<div id=\"uvc-exp-wrap-9578\" role=\"button\" tabindex=\"0\" aria-pressed=\"false\"  data-ultimate-target='#uvc-exp-wrap-9578'  data-responsive-json-new='{\"font-size\":\"desktop:16px;\",\"line-height\":\"desktop:20px;\"}'  class=\"ult_exp_section  ult-responsive \" style=\"color:#333333;background-color:#dbdbdb; font-weight:normal; padding:8px;text-align:center;\" data-textcolor=\"#333333\"data-texthover=\"#333333\"data-icncolor=\"#000000\"data-ihover=\"#333333\"data-height=\"0\"data-cntbg=\"#dbdbdb\"data-cnthvrbg=\"#e5e5e5\"data-headerbg=\"#dbdbdb\"data-headerhover=\"#e5e5e5\"data-title=\"3 - Une diversit\u00e9 croissante de groupes de populations\"data-newtitle=\"3 - Une diversit\u00e9 croissante de groupes de populations\"data-icon=\"Defaults-chevron-down\"data-newicon=\"Defaults-chevron-up\"data-activeicon=\"#333333\"data-effect=\"slideToggle\"data-override=\"0\"data-activetitle=\"#333333\"data-activebg=\"#dbdbdb\"data-img=\"\"data-newimg=\"\"><div  class=\"ult_exp_section-main \">\n\t\t\t\t\t<div class=\"ult_expheader\" >3 - Une diversit\u00e9 croissante de groupes de populations\n\t\t\t\t\t <\/div>\t<div class=\"ult-just-icon-wrapper ult_exp_icon\">\n\t\t\t\t\t<div class=\"align-icon \">\n\t\t\t\t\t\t\n<span class=\"aio-icon  none  ult_expsection_icon \"  style=\"color:#000000;font-size:12px;display:inline-block;\">\n\t<i class=\"Defaults-chevron-down ult_ex_icon\"  ><\/i>\n<\/span>\n\t\t\t\t\t<\/div>\n\t\t\t\t<\/div><\/div>\n\t\t\t\t<\/div><div class=\"ult_exp_content \" style=\"background-color:#f2f2f2;  \"><div class=\"ult_ecpsub_cont\" style=\" \" >[vc_column_text]<\/p>\n<h3>Viser l\u2019inclusion sociale \u00e0 tous les niveaux\u00a0:<br \/>\nEghez\u00e9e all inclusive\u00a0!<\/h3>\n<h3 style=\"text-align: center;\"><em>Observation<\/em><\/h3>\n<p>M\u00eame si la population issue de l\u2019immigration n\u2019est pas \u00e0 Eghez\u00e9e encore aussi importante qu\u2019ailleurs, comme ailleurs, et en contraste avec l\u2019esprit de communaut\u00e9 villageoise qui caract\u00e9risait\u00a0la vie en milieu rural, l\u2019organisation de la soci\u00e9t\u00e9 actuelle tend \u00e0 s\u00e9parer de plus en plus la vie sociale en plusieurs segments\u00a0: a\u00een\u00e9s, handicap\u00e9s, familles, \u00e9l\u00e8ves de l\u2019enseignement\u00a0 sp\u00e9cialis\u00e9, personnes fragilis\u00e9es, \u00e9trangers, jeunes\u2026\u00a0L\u2019implantation de nouveaux quartiers fait craindre l\u2019apparition\u00a0 de \u00ab\u00a0ghettos\u00a0\u00bb.<\/p>\n<h3 style=\"text-align: center;\"><em>Diagnostic<\/em><\/h3>\n<p>Cette organisation de la soci\u00e9t\u00e9 en lien avec la diversification de la population du territoire (notamment, plus de retrait\u00e9s et plus de familles qui viennent habiter \u00e0 Eghez\u00e9e) peut cr\u00e9er des divisions qui pourraient avoir tendance \u00e0 devenir des barri\u00e8res menant \u00e0 des incompr\u00e9hensions et des rejets des n\u00e9o-arrivants et de leur diff\u00e9rence.\u00a0 Celles-ci risquent de prendre une dimension encore plus probl\u00e9matique notamment \u00e0 l\u2019\u00e9gard des populations d\u2019origine \u00e9trang\u00e8re si elles devenaient plus nombreuses \u00e0 Eghez\u00e9e dans le futur. La probl\u00e9matique du cloisonnement des groupes est donc sous-jacente \u00e0 un enjeu social important.<\/p>\n<h3 style=\"text-align: center;\"><em>Objectif\u00a0<\/em><\/h3>\n<p>Rencontrer dans l\u2019action du Centre culturel tous les groupes de populations (\u00e2ges, cat\u00e9gories sociales, anciens et nouveaux habitants), dans des projets \u00ab\u00a0trans-groupes\u00a0\u00bb (trans-g\u00e9n\u00e9rationnels par exemple), mais aussi dans des projets qui ne visent pas forc\u00e9ment tous les groupes en m\u00eame temps, afin de faire du territoire un lieu \u00ab\u00a0all inclusive\u00a0\u00bb, ouvert et accueillant \u00e0 tous, dans un rapport de proximit\u00e9.[\/vc_column_text]<\/div><\/div>\n\n\t\t\t<\/div><div class=\"ult_exp_section_layer ult-adjust-bottom-margin  \" >\n\t\t<div id=\"uvc-exp-wrap-6664\" role=\"button\" tabindex=\"0\" aria-pressed=\"false\"  data-ultimate-target='#uvc-exp-wrap-6664'  data-responsive-json-new='{\"font-size\":\"desktop:16px;\",\"line-height\":\"desktop:20px;\"}'  class=\"ult_exp_section  ult-responsive \" style=\"color:#333333;background-color:#dbdbdb; font-weight:normal; padding:8px;text-align:center;\" data-textcolor=\"#333333\"data-texthover=\"#333333\"data-icncolor=\"#000000\"data-ihover=\"#333333\"data-height=\"0\"data-cntbg=\"#dbdbdb\"data-cnthvrbg=\"#e5e5e5\"data-headerbg=\"#dbdbdb\"data-headerhover=\"#e5e5e5\"data-title=\"4 - C\u2019est le plaisir qui m\u00e8ne \u00e0 la curiosit\u00e9 puis \u00e0 la d\u00e9couverte et \u00e0 l\u2019int\u00e9r\u00eat\"data-newtitle=\"4 - C\u2019est le plaisir qui m\u00e8ne \u00e0 la curiosit\u00e9 puis \u00e0 la d\u00e9couverte et \u00e0 l\u2019int\u00e9r\u00eat\"data-icon=\"Defaults-chevron-down\"data-newicon=\"Defaults-chevron-up\"data-activeicon=\"#333333\"data-effect=\"slideToggle\"data-override=\"0\"data-activetitle=\"#333333\"data-activebg=\"#dbdbdb\"data-img=\"\"data-newimg=\"\"><div  class=\"ult_exp_section-main \">\n\t\t\t\t\t<div class=\"ult_expheader\" >4 - C\u2019est le plaisir qui m\u00e8ne \u00e0 la curiosit\u00e9 puis \u00e0 la d\u00e9couverte et \u00e0 l\u2019int\u00e9r\u00eat\n\t\t\t\t\t <\/div>\t<div class=\"ult-just-icon-wrapper ult_exp_icon\">\n\t\t\t\t\t<div class=\"align-icon \">\n\t\t\t\t\t\t\n<span class=\"aio-icon  none  ult_expsection_icon \"  style=\"color:#000000;font-size:12px;display:inline-block;\">\n\t<i class=\"Defaults-chevron-down ult_ex_icon\"  ><\/i>\n<\/span>\n\t\t\t\t\t<\/div>\n\t\t\t\t<\/div><\/div>\n\t\t\t\t<\/div><div class=\"ult_exp_content \" style=\"background-color:#f2f2f2;  \"><div class=\"ult_ecpsub_cont\" style=\" \" >[vc_column_text]<\/p>\n<h3>D\u00e9velopper chez les personnes l\u2019int\u00e9r\u00eat et la curiosit\u00e9, qui peuvent mener \u00e0 l\u2019engagement,\u00a0 pour la soci\u00e9t\u00e9 et les autres en d\u00e9veloppant, dans les activit\u00e9s culturelles propos\u00e9es, l\u2019effet du cercle vertueux de l\u2019enthousiasme et du plaisir de d\u00e9couvrir.<\/h3>\n<h3 style=\"text-align: center;\"><em>Observation<\/em><\/h3>\n<p>Il reste une marge de progression dans la\u00a0<i>\u00a0<\/i>participation des personnes aux activit\u00e9s culturelles et citoyennes, surtout si le plaisir (d\u00e9tente, convivialit\u00e9\u2026) n\u2019est pas\u00a0<i>a priori<\/i>\u00a0le premier incitant \u00e0 la participation.<\/p>\n<h3 style=\"text-align: center;\"><em>Diagnostic<\/em><\/h3>\n<p>Beaucoup ne souhaitent pas \u00ab\u00a0se prendre la t\u00eate\u00a0\u00bb avec des activit\u00e9s culturelles ou citoyennes. S\u2019ils n\u2019y trouvent pas du plaisir (qu\u2019il soit esth\u00e9tique, ou celui d\u2019\u00eatre dans une ambiance conviviale ou de participer \u00e0 une activit\u00e9 tr\u00e8s locale (de village, de quartier\u2026)), cela risque d\u2019engendrer un manque d\u2019int\u00e9r\u00eat et d\u2019implication \u00e0 l\u2019\u00e9gard des enjeux de soci\u00e9t\u00e9.<\/p>\n<h3 style=\"text-align: center;\"><em>Objectif<\/em><\/h3>\n<p>Augmenter la curiosit\u00e9 et l\u2019envie de d\u00e9couvrir et,\u00a0<i>in fine<\/i>, susciter, au travers le plaisir que peuvent donner les activit\u00e9s du Centre Culturel, la r\u00e9flexion et l\u2019int\u00e9r\u00eat pour une implication citoyenne.[\/vc_column_text]<\/div><\/div>\n\n\t\t\t<\/div>[\/vc_column_inner][\/vc_row_inner][\/vc_tta_section][vc_tta_section i_type=\u00a0\u00bbentypo\u00a0\u00bb i_icon_entypo=\u00a0\u00bbentypo-icon entypo-icon-user\u00a0\u00bb add_icon=\u00a0\u00bbtrue\u00a0\u00bb title=\u00a0\u00bbL&rsquo;\u00e9quipe\u00a0\u00bb tab_id=\u00a0\u00bb1553765572251-0ca7680f-6c5d\u00a0\u00bb]<div class=\"ult_exp_section_layer ult-adjust-bottom-margin  \" >\n\t\t<div id=\"uvc-exp-wrap-6059\" role=\"button\" tabindex=\"0\" aria-pressed=\"false\"  data-ultimate-target='#uvc-exp-wrap-6059'  data-responsive-json-new='{\"font-size\":\"desktop:20px;\",\"line-height\":\"desktop:20px;\"}'  class=\"ult_exp_section  ult-responsive \" style=\"color:#ea3c10;background-color:#dbdbdb;font-weight:bold;  text-align:left;\" data-textcolor=\"#ea3c10\"data-texthover=\"#333333\"data-icncolor=\"#333333\"data-ihover=\"#333333\"data-height=\"0\"data-cntbg=\"#dbdbdb\"data-cnthvrbg=\"#e5e5e5\"data-headerbg=\"#dbdbdb\"data-headerhover=\"#e5e5e5\"data-title=\"Les travailleurs\"data-newtitle=\"L&#039;\u00e9quipe\"data-icon=\"\"data-newicon=\"\"data-activeicon=\"#333333\"data-effect=\"slideToggle\"data-override=\"0\"data-activetitle=\"#333333\"data-activebg=\"#dbdbdb\"data-img=\"\"data-newimg=\"\"><div  class=\"ult_exp_section-main \">\n\t\t\t\t\t<div class=\"ult_expheader\" >Les travailleurs\n\t\t\t\t\t <\/div><\/div>\n\t\t\t\t<\/div><div class=\"ult_exp_content \" style=\"background-color:#dbdbdb;  \"><div class=\"ult_ecpsub_cont\" style=\" \" >[vc_column_text]<\/p>\n<h3>L&rsquo;\u00e9quipe Ecrin, Centre culturel d&rsquo;Eghez\u00e9e<\/h3>\n<p>[\/vc_column_text][vc_row_inner][vc_column_inner width=\u00a0\u00bb1\/6&Prime;][vc_single_image image=\u00a0\u00bb4327&Prime;][\/vc_column_inner][vc_column_inner width=\u00a0\u00bb1\/6&Prime;][vc_column_text]<\/p>\n<p style=\"text-align: left;\"><a href=\"http:\/\/metiers.siep.be\/interviews\/benoit-raoult\/\" target=\"_blank\" rel=\"noopener noreferrer\">Beno\u00eet Raoult, Directeur<\/a><\/p>\n<p>[\/vc_column_text][\/vc_column_inner][vc_column_inner width=\u00a0\u00bb1\/6&Prime;][vc_single_image image=\u00a0\u00bb4343&Prime;][\/vc_column_inner][vc_column_inner width=\u00a0\u00bb1\/6&Prime;][vc_column_text css=\u00a0\u00bb\u00a0\u00bb]<\/p>\n<p style=\"text-align: left;\">Laurence No\u00ebl,<\/p>\n<p style=\"text-align: left;\">Programmatrice animatrice<\/p>\n<p>[\/vc_column_text][\/vc_column_inner][vc_column_inner width=\u00a0\u00bb1\/6&Prime;][vc_single_image image=\u00a0\u00bb367&Prime;][\/vc_column_inner][vc_column_inner width=\u00a0\u00bb1\/6&Prime;][vc_column_text css=\u00a0\u00bb\u00a0\u00bb]<\/p>\n<p style=\"text-align: left;\">Christophe Davenne,<\/p>\n<p style=\"text-align: left;\">Charg\u00e9 de communication et de projets<\/p>\n<p>[\/vc_column_text][\/vc_column_inner][\/vc_row_inner][vc_row_inner][vc_column_inner width=\u00a0\u00bb1\/6&Prime;][vc_single_image image=\u00a0\u00bb373&Prime;][\/vc_column_inner][vc_column_inner width=\u00a0\u00bb1\/6&Prime;][vc_column_text]<\/p>\n<p style=\"text-align: left;\">Simon Renquin,<\/p>\n<p style=\"text-align: left;\">R\u00e9gisseur<\/p>\n<p>[\/vc_column_text][\/vc_column_inner][vc_column_inner width=\u00a0\u00bb1\/6&Prime;][vc_single_image image=\u00a0\u00bb4329&Prime;][\/vc_column_inner][vc_column_inner width=\u00a0\u00bb1\/6&Prime;][vc_column_text]<\/p>\n<p style=\"text-align: left;\">Karine Godard,<\/p>\n<p style=\"text-align: left;\">Animatrice<\/p>\n<p>[\/vc_column_text][\/vc_column_inner][vc_column_inner width=\u00a0\u00bb1\/6&Prime;][vc_single_image image=\u00a0\u00bb374&Prime;][\/vc_column_inner][vc_column_inner width=\u00a0\u00bb1\/6&Prime;][vc_column_text]<\/p>\n<p style=\"text-align: left;\">Christophe Scohier,<\/p>\n<p style=\"text-align: left;\">Animateur et r\u00e9gisseur<\/p>\n<p>[\/vc_column_text][\/vc_column_inner][\/vc_row_inner][vc_row_inner][vc_column_inner width=\u00a0\u00bb1\/6&Prime;][vc_column_text]Virginie Aerts,<\/p>\n<p>Animatrice[\/vc_column_text][\/vc_column_inner][vc_column_inner width=\u00a0\u00bb1\/6&Prime;][\/vc_column_inner][vc_column_inner width=\u00a0\u00bb1\/6&Prime;][\/vc_column_inner][vc_column_inner width=\u00a0\u00bb1\/6&Prime;][\/vc_column_inner][vc_column_inner width=\u00a0\u00bb1\/6&Prime;][\/vc_column_inner][vc_column_inner width=\u00a0\u00bb1\/6&Prime;][\/vc_column_inner][\/vc_row_inner][vc_row_inner][vc_column_inner width=\u00a0\u00bb1\/6&Prime;][\/vc_column_inner][vc_column_inner width=\u00a0\u00bb1\/6&Prime;][\/vc_column_inner][vc_column_inner width=\u00a0\u00bb1\/6&Prime;][\/vc_column_inner][\/vc_row_inner][vc_single_image image=\u00a0\u00bb4324&Prime; img_size=\u00a0\u00bbfull\u00a0\u00bb]<\/div><\/div>\n\n\t\t\t<\/div><div class=\"ult_exp_section_layer ult-adjust-bottom-margin  \" >\n\t\t<div id=\"uvc-exp-wrap-6579\" role=\"button\" tabindex=\"0\" aria-pressed=\"false\"  data-ultimate-target='#uvc-exp-wrap-6579'  data-responsive-json-new='{\"font-size\":\"desktop:20px;\",\"line-height\":\"desktop:20px;\"}'  class=\"ult_exp_section  ult-responsive \" style=\"color:#ea3c10;background-color:#dbdbdb;font-weight:bold;  text-align:left;\" data-textcolor=\"#ea3c10\"data-texthover=\"#333333\"data-icncolor=\"#333333\"data-ihover=\"#333333\"data-height=\"0\"data-cntbg=\"#dbdbdb\"data-cnthvrbg=\"#e5e5e5\"data-headerbg=\"#dbdbdb\"data-headerhover=\"#e5e5e5\"data-title=\"Les membres et l&#039;assembl\u00e9e g\u00e9n\u00e9rale\"data-newtitle=\"Les membres et l&#039;assembl\u00e9e g\u00e9n\u00e9rale\"data-icon=\"\"data-newicon=\"\"data-activeicon=\"#333333\"data-effect=\"slideToggle\"data-override=\"0\"data-activetitle=\"#333333\"data-activebg=\"#dbdbdb\"data-img=\"\"data-newimg=\"\"><div  class=\"ult_exp_section-main \">\n\t\t\t\t\t<div class=\"ult_expheader\" >Les membres et l'assembl\u00e9e g\u00e9n\u00e9rale\n\t\t\t\t\t <\/div><\/div>\n\t\t\t\t<\/div><div class=\"ult_exp_content \" style=\"background-color:#dbdbdb;  \"><div class=\"ult_ecpsub_cont\" style=\" \" >[vc_column_text css=\u00a0\u00bb\u00a0\u00bb]Les membres\u00a0 de l&rsquo;ASBL forment l&rsquo;assembl\u00e9e g\u00e9n\u00e9rale.\u00a0 Elle rassemble les forces vives culturelles et artistiques. Sont \u00e9galement membres les repr\u00e9sentants des pouvoirs locaux, ainsi que des repr\u00e9sentants de la Province de Namur. R\u00e9unie en assembl\u00e9e ordinaire une fois par an, elle d\u00e9tient la souverainet\u00e9 des d\u00e9cisions, examine les comptes et le rapport moral de l&rsquo;ann\u00e9e \u00e9coul\u00e9e ainsi que le projet d&rsquo;activit\u00e9s et le budget[\/vc_column_text]<div class=\"customlist list-icon-fa-ok\"><\/p>\n<table width=\"477\">\n<tbody>\n<tr>\n<td width=\"272\">\n<table width=\"540\">\n<tbody>\n<tr>\n<td width=\"309\">ACADEMIE<\/td>\n<td width=\"96\">Dellisse<\/td>\n<td width=\"135\">Laurence<\/td>\n<\/tr>\n<tr>\n<td>A C\u0152UR JOIE<\/td>\n<td>Bouvy<\/td>\n<td>Marie-France<\/td>\n<\/tr>\n<tr>\n<td>ACRF<\/td>\n<td>Laurent<\/td>\n<td>Brigitte<\/td>\n<\/tr>\n<tr>\n<td>LES GAIS LURONS<\/td>\n<td>Romain<\/td>\n<td>Murielle<\/td>\n<\/tr>\n<tr>\n<td>AMIS DE L&rsquo;ACADEMIE<\/td>\n<td>Mar\u00e9chal<\/td>\n<td>Marc<\/td>\n<\/tr>\n<tr>\n<td>AMNESTY INTERNATIONAL<\/td>\n<td>Nizet<\/td>\n<td>Jean<\/td>\n<\/tr>\n<tr>\n<td>COMITE DES FETES de AISCHE-EN-REFAIL<\/td>\n<td>Herman<\/td>\n<td>Catherine<\/td>\n<\/tr>\n<tr>\n<td>ATELIER DE PEINTURE<\/td>\n<td>Falise<\/td>\n<td>Danielle<\/td>\n<\/tr>\n<tr>\n<td>CA3V<\/td>\n<td>Simon<\/td>\n<td>Christophe<\/td>\n<\/tr>\n<tr>\n<td>CERAC<\/td>\n<td>Marteau<\/td>\n<td>Eric<\/td>\n<\/tr>\n<tr>\n<td>CLUB OBJECTIF PHOTO LOISIR<\/td>\n<td>Dargent<\/td>\n<td>Jacques<\/td>\n<\/tr>\n<tr>\n<td>CORP. DU GRAND FEU DE LIERNU<\/td>\n<td>Van Eyck<\/td>\n<td>Christine<\/td>\n<\/tr>\n<tr>\n<td>CROIX ROUGE D&rsquo;EGHEZEE<\/td>\n<td>Ortegat<\/td>\n<td>Hubert<\/td>\n<\/tr>\n<tr>\n<td>ENTRECHATS<\/td>\n<td>Goffinet<\/td>\n<td>C\u00e9line<\/td>\n<\/tr>\n<tr>\n<td>ESCARGOTTE<\/td>\n<td>Ruelle<\/td>\n<td>Ghislain<\/td>\n<\/tr>\n<tr>\n<td>FESTIVAL BD HANRET<\/td>\n<td>Cuvelier<\/td>\n<td>Rodolphe<\/td>\n<\/tr>\n<tr>\n<td>GENS DE MEHAIGNE<\/td>\n<td>Rossi<\/td>\n<td>Gw\u00e9na\u00ebl<\/td>\n<\/tr>\n<tr>\n<td>HAITI CHERIE<\/p>\n<p>INTERLIGNE<\/p>\n<p>JEUX INTERVILLAGES<\/td>\n<td>Dorcena<\/p>\n<p>Benoit<\/p>\n<p>Collignon<\/td>\n<td>Marl\u00e8ne<\/p>\n<p>Genevi\u00e8ve<\/p>\n<p>St\u00e9phane<\/td>\n<\/tr>\n<tr>\n<td>LES DETRACTEURS<\/td>\n<td>Pulcinelli<\/td>\n<td>Roberto<\/td>\n<\/tr>\n<tr>\n<td>LEUZE CALYPTUS<\/td>\n<td>Mathys<\/td>\n<td>Nathalie<\/td>\n<\/tr>\n<tr>\n<td>LEUZE EN MUSIQUE, CULTURE ET PATRIMOINE<\/td>\n<td>Laloux<\/td>\n<td>Genevi\u00e8ve<\/td>\n<\/tr>\n<tr>\n<td>LI TCHAFFIAU<\/td>\n<td>De fays<\/td>\n<td>Baudouin<\/td>\n<\/tr>\n<tr>\n<td>LIONS CLUB HAUTE HESBAYE<\/td>\n<td>Van Achter<\/td>\n<td>Michel<\/td>\n<\/tr>\n<tr>\n<td>MAISON DE LA LAICITE<\/td>\n<td>Ernotte<\/td>\n<td>Martine<\/td>\n<\/tr>\n<tr>\n<td>PATRO NOTRE DAME DE DHUY<\/td>\n<td>Lepot<\/td>\n<td>Adrien<\/td>\n<\/tr>\n<tr>\n<td>PICREN<\/td>\n<td>Kabergs<\/td>\n<td>Aim\u00e9<\/td>\n<\/tr>\n<tr>\n<td>PHENOMENA ACADEMY<\/td>\n<td>Grede<\/td>\n<td>Pasqualina<\/td>\n<\/tr>\n<tr>\n<td>SON CORPS VOIX<\/td>\n<td>Mastin<\/td>\n<td>Jean<\/td>\n<\/tr>\n<tr>\n<td>SOROPTIMIST LES 2 SOURCES<\/td>\n<td>Devillers<\/td>\n<td>Marie-Louise<\/td>\n<\/tr>\n<tr>\n<td>TONIC DANCE CLUB<\/p>\n<p>SI LA BRUYERE<\/p>\n<p>Prv\u00e9e<\/td>\n<td>Sculier<\/p>\n<p>SOUTMANS<\/p>\n<p>EELENS<\/td>\n<td>Alain<\/p>\n<p>Philippe<\/p>\n<p>Val\u00e9rie<\/td>\n<\/tr>\n<\/tbody>\n<\/table>\n<\/td>\n<td width=\"85\"><\/td>\n<td width=\"120\"><\/td>\n<\/tr>\n<tr>\n<td width=\"272\"><\/td>\n<td width=\"85\"><\/td>\n<td width=\"120\"><\/td>\n<\/tr>\n<tr>\n<td width=\"272\">\n<table width=\"540\">\n<tbody>\n<tr>\n<td width=\"309\">Ecole Saint R\u00e9my de Hanret<\/td>\n<td width=\"96\">Leclere<\/td>\n<td width=\"135\">David<\/td>\n<\/tr>\n<tr>\n<td>Ecole Saint Martin de Leuze<\/td>\n<td>Massart<\/td>\n<td width=\"135\">S\u00e9bastien<\/td>\n<\/tr>\n<tr>\n<td>Coll\u00e8ge Abb\u00e9 No\u00ebl<\/td>\n<td>Henricot<\/td>\n<td><\/td>\n<\/tr>\n<tr>\n<td rowspan=\"2\">Ecoles communales d&rsquo;Eghez\u00e9e<\/td>\n<td>Janssens<\/td>\n<td>Julie<\/td>\n<\/tr>\n<tr>\n<td>Dasseleer<\/td>\n<td>V\u00e9ronique<\/td>\n<\/tr>\n<tr>\n<td>EFAN<\/td>\n<td>Merckx<\/td>\n<td>Am\u00e9lie<\/td>\n<\/tr>\n<\/tbody>\n<\/table>\n<\/td>\n<td width=\"85\"><\/td>\n<td width=\"120\"><\/td>\n<\/tr>\n<tr>\n<td width=\"272\"><\/td>\n<td width=\"85\"><\/td>\n<td width=\"120\"><\/td>\n<\/tr>\n<tr>\n<td width=\"272\"><\/td>\n<td width=\"85\"><\/td>\n<td width=\"120\"><\/td>\n<\/tr>\n<tr>\n<td width=\"272\">\n<table width=\"540\">\n<tbody>\n<tr>\n<td width=\"309\"><\/td>\n<td width=\"96\"><\/td>\n<td width=\"135\"><\/td>\n<\/tr>\n<tr>\n<td><\/td>\n<td><\/td>\n<td><\/td>\n<\/tr>\n<tr>\n<td><\/td>\n<td><\/td>\n<td><\/td>\n<\/tr>\n<tr>\n<td><\/td>\n<td><\/td>\n<td><\/td>\n<\/tr>\n<tr>\n<td><\/td>\n<td><\/td>\n<td><\/td>\n<\/tr>\n<tr>\n<td><\/td>\n<td><\/td>\n<td><\/td>\n<\/tr>\n<tr>\n<td><\/td>\n<td><\/td>\n<td><\/td>\n<\/tr>\n<tr>\n<td><\/td>\n<td><\/td>\n<td><\/td>\n<\/tr>\n<\/tbody>\n<\/table>\n<\/td>\n<td width=\"85\"><\/td>\n<td width=\"120\"><\/td>\n<\/tr>\n<tr>\n<td width=\"272\"><\/td>\n<td width=\"85\"><\/td>\n<td width=\"120\"><\/td>\n<\/tr>\n<tr>\n<td width=\"272\"><\/td>\n<td width=\"85\"><\/td>\n<td width=\"120\"><\/td>\n<\/tr>\n<tr>\n<td width=\"272\">\n<table width=\"540\">\n<tbody>\n<tr>\n<td width=\"309\"><\/td>\n<td width=\"96\"><\/td>\n<td width=\"135\"><\/td>\n<\/tr>\n<tr>\n<td><\/td>\n<td><\/td>\n<td><\/td>\n<\/tr>\n<tr>\n<td><\/td>\n<td><\/td>\n<td><\/td>\n<\/tr>\n<\/tbody>\n<\/table>\n<\/td>\n<td width=\"85\"><\/td>\n<td width=\"120\"><\/td>\n<\/tr>\n<tr>\n<td width=\"272\"><\/td>\n<td width=\"85\"><\/td>\n<td width=\"120\"><\/td>\n<\/tr>\n<\/tbody>\n<\/table>\n<p><\/div><\/div><\/div>\n\n\t\t\t<\/div><div class=\"ult_exp_section_layer ult-adjust-bottom-margin  \" >\n\t\t<div id=\"uvc-exp-wrap-7488\" role=\"button\" tabindex=\"0\" aria-pressed=\"false\"  data-ultimate-target='#uvc-exp-wrap-7488'  data-responsive-json-new='{\"font-size\":\"desktop:20px;\",\"line-height\":\"desktop:20px;\"}'  class=\"ult_exp_section  ult-responsive \" style=\"color:#ea3c10;background-color:#dbdbdb;font-weight:bold;  text-align:left;\" data-textcolor=\"#ea3c10\"data-texthover=\"#333333\"data-icncolor=\"#333333\"data-ihover=\"#333333\"data-height=\"0\"data-cntbg=\"#dbdbdb\"data-cnthvrbg=\"#e5e5e5\"data-headerbg=\"#dbdbdb\"data-headerhover=\"#e5e5e5\"data-title=\"Le Conseil d&#039;administration\"data-newtitle=\"Le Conseil d&#039;administration\"data-icon=\"\"data-newicon=\"\"data-activeicon=\"#333333\"data-effect=\"slideToggle\"data-override=\"0\"data-activetitle=\"#333333\"data-activebg=\"#dbdbdb\"data-img=\"\"data-newimg=\"\"><div  class=\"ult_exp_section-main \">\n\t\t\t\t\t<div class=\"ult_expheader\" >Le Conseil d'administration\n\t\t\t\t\t <\/div><\/div>\n\t\t\t\t<\/div><div class=\"ult_exp_content \" style=\"background-color:#dbdbdb;  \"><div class=\"ult_ecpsub_cont\" style=\" \" >[vc_column_text]Pour la gestion r\u00e9guli\u00e8re des activit\u00e9s ainsi que la gestion des finances et du personnel, l&rsquo;Assembl\u00e9e g\u00e9n\u00e9rale confie le pouvoir de d\u00e9cision au Conseil d&rsquo;administration, \u00e9lu par elle. Le Conseil d&rsquo;administration rassemble, \u00e0 parit\u00e9 obligatoire, des repr\u00e9sentants d&rsquo;associations et des repr\u00e9sentants des pouvoirs publics associ\u00e9s (Commune, Province).\u00a0 Le CA se r\u00e9unit r\u00e9guli\u00e8rement \u00e0 partir d&rsquo;un ordre du jour pr\u00e9par\u00e9 par le Conseil de gestion.[\/vc_column_text]<div class=\"customlist list-icon-fa-ok\"><\/p>\n<ul>\n<li style=\"list-style-type: none;\">\n<ul>\n<li>V\u00e9ronique Vercoutere, Pr\u00e9sidente, repr\u00e9sentante publique<\/li>\n<li>Baudouin de Fays, Vice-pr\u00e9sident, repr\u00e9sentant associatif<\/li>\n<li>Christine Van Eyck, repr\u00e9sentante associative<\/li>\n<li>Marc Deladri\u00e8re, repr\u00e9sentant public<\/li>\n<li>Laurence Dellisse, repr\u00e9sentante associative<\/li>\n<li>V\u00e9ronique Petit, repr\u00e9sentante publique<\/li>\n<li>Martine Ernotte, repr\u00e9sentante associative<\/li>\n<li>Rodolphe Cuvelier, repr\u00e9sentant associatif<\/li>\n<li>Dimitri Verscoore, repr\u00e9sentant public<\/li>\n<li>Aim\u00e9 Kabergs, repr\u00e9sentant associatif<\/li>\n<li>Val\u00e9rie Eelens, repr\u00e9sentante associative<\/li>\n<li>J\u00e9r\u00f4me Debailleul, repr\u00e9sentant public<\/li>\n<li>Pascal Tremuth, repr\u00e9sentant public<\/li>\n<li>Julie Dorval, repr\u00e9sentante publique<\/li>\n<li>J\u00e9r\u00f4me Cooremans, repr\u00e9sentant public<\/li>\n<li>Philippe Rennotte, Tr\u00e9sorier, repr\u00e9sentant Province de Namur<\/li>\n<li>Pierre Smith, repr\u00e9sentant Province de Namur<\/li>\n<li>Catherine Herman, repr\u00e9sentante associative<\/li>\n<li>Andie Van Engeland, Repr\u00e9sentante du Conseil d&rsquo;orientation, sans voix d\u00e9lib\u00e9rative<\/li>\n<li>Beno\u00eet Raoult, Directeur, sans voix d\u00e9lib\u00e9rative<\/li>\n<\/ul>\n<\/li>\n<\/ul>\n<p><\/div><\/div><\/div>\n\n\t\t\t<\/div><div class=\"ult_exp_section_layer ult-adjust-bottom-margin  \" >\n\t\t<div id=\"uvc-exp-wrap-5222\" role=\"button\" tabindex=\"0\" aria-pressed=\"false\"  data-ultimate-target='#uvc-exp-wrap-5222'  data-responsive-json-new='{\"font-size\":\"desktop:20px;\",\"line-height\":\"desktop:20px;\"}'  class=\"ult_exp_section  ult-responsive \" style=\"color:#ea3c10;background-color:#dbdbdb;font-weight:bold;  text-align:left;\" data-textcolor=\"#ea3c10\"data-texthover=\"#333333\"data-icncolor=\"#333333\"data-ihover=\"#333333\"data-height=\"0\"data-cntbg=\"#dbdbdb\"data-cnthvrbg=\"#e5e5e5\"data-headerbg=\"#dbdbdb\"data-headerhover=\"#e5e5e5\"data-title=\"Le Conseil d&#039;orientation\"data-newtitle=\"Le Conseil d&#039;orientation\"data-icon=\"\"data-newicon=\"\"data-activeicon=\"#333333\"data-effect=\"slideToggle\"data-override=\"0\"data-activetitle=\"#333333\"data-activebg=\"#dbdbdb\"data-img=\"\"data-newimg=\"\"><div  class=\"ult_exp_section-main \">\n\t\t\t\t\t<div class=\"ult_expheader\" >Le Conseil d'orientation\n\t\t\t\t\t <\/div><\/div>\n\t\t\t\t<\/div><div class=\"ult_exp_content \" style=\"background-color:#dbdbdb;  \"><div class=\"ult_ecpsub_cont\" style=\" \" >[vc_column_text css=\u00a0\u00bb\u00a0\u00bb]Le Conseil d&rsquo;Orientation est compos\u00e9 de personnes qui s&rsquo;interrogent sur les droits culturel sur les territoires d&rsquo;actions d&rsquo;Ecrin. Le Conseil d&rsquo;orientation\u00a0proc\u00e8de \u00e0 l\u2019auto\u00e9valuation continue du projet d\u2019action culturelle. Il contribue notamment au rapport g\u00e9n\u00e9ral d\u2019auto\u00e9valuation et participe \u00e0 l\u2019analyse partag\u00e9e avec les op\u00e9rateurs culturels locaux.<\/p>\n<p>Si vous d\u00e9sirez en faire partie, vous pouvez envoyer un mail \u00e0\u00a0<a href=\"mailto:info@ecrin.be\">info@ecrin.be<\/a>\u00a0pour nous en faire part en pr\u00e9cisant quelles sont vos motivations.<\/p>\n<p>Les membres du Conseil d\u2019orientation sont nomm\u00e9s par le\u00a0<a href=\"http:\/\/www.centrecultureldeghezee.be\/qui-sommes-nous\/qui-fait-quoi\/conseil-dadministration.html\">Conseil d&rsquo;administration<\/a> sur avis du personnel d\u2019animation du Centre culturel. Le directeur et le personnel d\u2019animation du Centre culturel sont membres du Conseil d\u2019Orientation avec voix consultative. Le Conseil d\u2019Orientation d\u00e9signe en son sein un repr\u00e9sentant qui si\u00e8ge au <a href=\"http:\/\/www.centrecultureldeghezee.be\/qui-sommes-nous\/qui-fait-quoi\/conseil-dadministration.html\">Conseil d\u2019administration<\/a>\u00a0avec voix consultative.[\/vc_column_text]<div class=\"customlist list-icon-fa-ok\"><\/p>\n<ul>\n<li style=\"list-style-type: none;\">\n<ul>\n<li>\n<table border=\"0\" cellspacing=\"0\" cellpadding=\"0\">\n<tbody>\n<tr valign=\"bottom\">\n<td valign=\"bottom\" nowrap=\"nowrap\" width=\"148\">\n<p align=\"center\">VAN ENGELAND<\/p>\n<\/td>\n<td nowrap=\"nowrap\" width=\"105\">Andie<\/td>\n<td nowrap=\"nowrap\" width=\"381\">Pr\u00e9sidente, membre externe, secteur litt\u00e9rature<\/td>\n<\/tr>\n<tr>\n<td valign=\"bottom\" nowrap=\"nowrap\" width=\"148\">\n<p align=\"center\">DOHOGNE<\/p>\n<\/td>\n<td valign=\"bottom\" nowrap=\"nowrap\" width=\"105\">R\u00e9gis<\/td>\n<td valign=\"bottom\" nowrap=\"nowrap\" width=\"381\">Membre externe, secteur du monde syndical, associatif et enseignement<\/td>\n<\/tr>\n<tr>\n<td valign=\"bottom\" nowrap=\"nowrap\" width=\"148\">\n<p align=\"center\">RYELANDT<\/p>\n<\/td>\n<td valign=\"bottom\" nowrap=\"nowrap\" width=\"105\">Jean-Baptiste<\/td>\n<td valign=\"bottom\" nowrap=\"nowrap\" width=\"381\">Membre interne &#8211; Repr\u00e9sentant\u00a0 CEC Terre franche<\/td>\n<\/tr>\n<tr>\n<td style=\"text-align: center;\" valign=\"bottom\" nowrap=\"nowrap\" width=\"148\">DERLET<\/td>\n<td valign=\"bottom\" nowrap=\"nowrap\" width=\"105\">Philippe<\/td>\n<td valign=\"bottom\" nowrap=\"nowrap\" width=\"381\">Membre externe, secteur du th\u00e9\u00e2tre<\/td>\n<\/tr>\n<tr>\n<td valign=\"bottom\" nowrap=\"nowrap\" width=\"148\">\n<p align=\"center\">GILLARD<\/p>\n<\/td>\n<td valign=\"bottom\" nowrap=\"nowrap\" width=\"105\">Christine<\/td>\n<td valign=\"bottom\" nowrap=\"nowrap\" width=\"381\">Membre externe, repr\u00e9sentante de la biblioth\u00e8que communale<\/td>\n<\/tr>\n<tr>\n<td valign=\"bottom\" nowrap=\"nowrap\" width=\"148\">\n<p align=\"center\">GODARD<\/p>\n<\/td>\n<td valign=\"bottom\" nowrap=\"nowrap\" width=\"105\">Karine<\/td>\n<td valign=\"bottom\" nowrap=\"nowrap\" width=\"381\">Membre interne, \u00a0animatrice et administration<\/td>\n<\/tr>\n<tr>\n<td valign=\"bottom\" nowrap=\"nowrap\" width=\"148\">\n<p align=\"center\">GOLENVAUX<\/p>\n<\/td>\n<td valign=\"bottom\" nowrap=\"nowrap\" width=\"105\">St\u00e9phane<\/td>\n<td valign=\"bottom\" nowrap=\"nowrap\" width=\"381\">Membre externe, secteur de la diffusion<\/td>\n<\/tr>\n<tr>\n<td valign=\"bottom\" nowrap=\"nowrap\" width=\"148\">\n<p align=\"center\">HONNOF<\/p>\n<\/td>\n<td valign=\"bottom\" nowrap=\"nowrap\" width=\"105\">Marie-Jeanne<\/td>\n<td valign=\"bottom\" nowrap=\"nowrap\" width=\"381\">Membre externe, secteur de la diffusion et socio-culturel<\/td>\n<\/tr>\n<tr>\n<td style=\"text-align: center;\" valign=\"bottom\" nowrap=\"nowrap\" width=\"148\">MASTIN<\/td>\n<td valign=\"bottom\" nowrap=\"nowrap\" width=\"105\">Jean<\/td>\n<td valign=\"bottom\" nowrap=\"nowrap\" width=\"381\">Membre externe, secteur pluridisciplinaire en arts de la sc\u00e8ne<\/td>\n<\/tr>\n<tr>\n<td valign=\"bottom\" nowrap=\"nowrap\" width=\"148\">\n<p align=\"center\">NOEL<\/p>\n<\/td>\n<td valign=\"bottom\" nowrap=\"nowrap\" width=\"105\">Laurence<\/td>\n<td valign=\"bottom\" nowrap=\"nowrap\" width=\"381\">Non membre &#8211; programmatrice, animatrice<\/td>\n<\/tr>\n<tr>\n<td valign=\"bottom\" nowrap=\"nowrap\" width=\"148\">\n<p align=\"center\">RAOULT<\/p>\n<\/td>\n<td valign=\"bottom\" nowrap=\"nowrap\" width=\"105\">Beno\u00eet<\/td>\n<td valign=\"bottom\" nowrap=\"nowrap\" width=\"381\">Membre interne \u2013 Directeur Ecrin<\/td>\n<\/tr>\n<tr>\n<td valign=\"bottom\" nowrap=\"nowrap\" width=\"148\">\n<p align=\"center\">AERTS<\/p>\n<\/td>\n<td valign=\"bottom\" nowrap=\"nowrap\" width=\"105\">Virginie<\/td>\n<td valign=\"bottom\" nowrap=\"nowrap\" width=\"381\">Membre interne &#8211; animatrice<\/td>\n<\/tr>\n<tr>\n<td valign=\"bottom\" nowrap=\"nowrap\" width=\"148\">\n<p align=\"center\">SCHUMACHER<\/p>\n<\/td>\n<td valign=\"bottom\" nowrap=\"nowrap\" width=\"105\">Marie-H\u00e9l\u00e8ne<\/td>\n<td valign=\"bottom\" nowrap=\"nowrap\" width=\"381\">Membre externe, secteur patrimoine<\/td>\n<\/tr>\n<tr>\n<td valign=\"bottom\" nowrap=\"nowrap\" width=\"148\">\n<p align=\"center\">SCOHIER<\/p>\n<\/td>\n<td valign=\"bottom\" nowrap=\"nowrap\" width=\"105\">Christophe<\/td>\n<td valign=\"bottom\" nowrap=\"nowrap\" width=\"381\">Membre interne, animateur<\/td>\n<\/tr>\n<tr>\n<td valign=\"bottom\" nowrap=\"nowrap\" width=\"148\"><\/td>\n<td valign=\"bottom\" nowrap=\"nowrap\" width=\"105\"><\/td>\n<td valign=\"bottom\" nowrap=\"nowrap\" width=\"381\"><\/td>\n<\/tr>\n<tr>\n<td valign=\"bottom\" nowrap=\"nowrap\" width=\"148\">\n<p align=\"center\">GAROT<\/p>\n<\/td>\n<td valign=\"bottom\" nowrap=\"nowrap\" width=\"105\">Laurence<\/td>\n<td valign=\"bottom\" nowrap=\"nowrap\" width=\"381\">Membre interne, coordinatrice Terre Franche<\/td>\n<\/tr>\n<tr>\n<td valign=\"bottom\" nowrap=\"nowrap\" width=\"148\"><\/td>\n<td valign=\"bottom\" nowrap=\"nowrap\" width=\"105\"><\/td>\n<td valign=\"bottom\" nowrap=\"nowrap\" width=\"381\"><\/td>\n<\/tr>\n<tr>\n<td valign=\"bottom\" nowrap=\"nowrap\" width=\"148\">\n<p align=\"center\">DAVENNE<\/p>\n<\/td>\n<td valign=\"bottom\" nowrap=\"nowrap\" width=\"105\">Christophe<\/td>\n<td valign=\"bottom\" nowrap=\"nowrap\" width=\"381\">Membre interne, charg\u00e9 de communication et de projets<\/td>\n<\/tr>\n<tr>\n<td valign=\"bottom\" nowrap=\"nowrap\" width=\"148\"><\/td>\n<td valign=\"bottom\" nowrap=\"nowrap\" width=\"105\"><\/td>\n<td valign=\"bottom\" nowrap=\"nowrap\" width=\"381\"><\/td>\n<\/tr>\n<tr>\n<td valign=\"bottom\" nowrap=\"nowrap\" width=\"148\">\n<p align=\"center\">DERLET<\/p>\n<\/td>\n<td valign=\"bottom\" nowrap=\"nowrap\" width=\"105\">Philippe<\/td>\n<td valign=\"bottom\" nowrap=\"nowrap\" width=\"381\">Arts Vivants<\/td>\n<\/tr>\n<tr>\n<td valign=\"bottom\" nowrap=\"nowrap\" width=\"148\">\n<p align=\"center\">EELENS<\/p>\n<\/td>\n<td valign=\"bottom\" nowrap=\"nowrap\" width=\"105\">Val\u00e9rie<\/td>\n<td valign=\"bottom\" nowrap=\"nowrap\" width=\"381\">Arts plastiques<\/td>\n<\/tr>\n<tr>\n<td valign=\"bottom\" nowrap=\"nowrap\" width=\"148\">\n<p align=\"center\">NIHOUL<\/p>\n<\/td>\n<td valign=\"bottom\" nowrap=\"nowrap\" width=\"105\">Jean-Marie<\/td>\n<td valign=\"bottom\" nowrap=\"nowrap\" width=\"381\">Association et sant\u00e9<\/td>\n<\/tr>\n<tr>\n<td valign=\"bottom\" nowrap=\"nowrap\" width=\"148\">\n<p align=\"center\">PRAYEZ<\/p>\n<\/td>\n<td valign=\"bottom\" nowrap=\"nowrap\" width=\"105\">B\u00e9n\u00e9dicte<\/td>\n<td valign=\"bottom\" nowrap=\"nowrap\" width=\"381\">Litt\u00e9rature<\/td>\n<\/tr>\n<tr>\n<td valign=\"bottom\" nowrap=\"nowrap\" width=\"148\">\n<p align=\"center\">\n<\/td>\n<td valign=\"bottom\" nowrap=\"nowrap\" width=\"105\"><\/td>\n<td valign=\"bottom\" nowrap=\"nowrap\" width=\"381\"><\/td>\n<\/tr>\n<tr>\n<td valign=\"bottom\" nowrap=\"nowrap\" width=\"148\"><\/td>\n<td valign=\"bottom\" nowrap=\"nowrap\" width=\"105\"><\/td>\n<td valign=\"bottom\" nowrap=\"nowrap\" width=\"381\"><\/td>\n<\/tr>\n<\/tbody>\n<\/table>\n<\/li>\n<\/ul>\n<\/li>\n<\/ul>\n<p><\/div><\/div><\/div>\n\n\t\t\t<\/div><div class=\"ult_exp_section_layer ult-adjust-bottom-margin  \" >\n\t\t<div id=\"uvc-exp-wrap-4993\" role=\"button\" tabindex=\"0\" aria-pressed=\"false\"  data-ultimate-target='#uvc-exp-wrap-4993'  data-responsive-json-new='{\"font-size\":\"desktop:20px;\",\"line-height\":\"desktop:20px;\"}'  class=\"ult_exp_section  ult-responsive \" style=\"color:#ea3c10;background-color:#dbdbdb;font-weight:bold;  text-align:left;\" data-textcolor=\"#ea3c10\"data-texthover=\"#333333\"data-icncolor=\"#333333\"data-ihover=\"#333333\"data-height=\"0\"data-cntbg=\"#dbdbdb\"data-cnthvrbg=\"#e5e5e5\"data-headerbg=\"#dbdbdb\"data-headerhover=\"#e5e5e5\"data-title=\"Les commissions de projets\"data-newtitle=\"Les commissions de projets\"data-icon=\"\"data-newicon=\"\"data-activeicon=\"#333333\"data-effect=\"slideToggle\"data-override=\"0\"data-activetitle=\"#333333\"data-activebg=\"#dbdbdb\"data-img=\"\"data-newimg=\"\"><div  class=\"ult_exp_section-main \">\n\t\t\t\t\t<div class=\"ult_expheader\" >Les commissions de projets\n\t\t\t\t\t <\/div><\/div>\n\t\t\t\t<\/div><div class=\"ult_exp_content \" style=\"background-color:#dbdbdb;  \"><div class=\"ult_ecpsub_cont\" style=\" \" >[vc_column_text]Les commissions de projets sont des\u00a0plate-formes de rencontres et de coordination d&rsquo;activit\u00e9s ouvertes \u00e0 toute personne qui le souhaite. De la simple rencontre \u00e0 la mise en place d&rsquo;un projet concret. C&rsquo;est une fa\u00e7on de s&rsquo;impliquer dans la vie culturelle et associative d&rsquo;Eghez\u00e9e selon ses envies et selon ses points d&rsquo;int\u00e9r\u00eats.<\/p>\n<p>Pour en faire partie, il faut nous envoyer un mail en pr\u00e9cisant votre motivation et vos coordonn\u00e9es au secr\u00e9tariat du Centre culturel (\u00a0<a href=\"mailto:info@ecrin.be\">info@ecrin.be<\/a>), nous essayerons de vous aiguiller au mieux.<\/p>\n<p>Les commissions se r\u00e9unissent en fonction des projets mis en place et au gr\u00e9 de leur avancement.[\/vc_column_text]<\/div><\/div>\n\n\t\t\t<\/div>[\/vc_tta_section][vc_tta_section i_type=\u00a0\u00bbentypo\u00a0\u00bb i_icon_entypo=\u00a0\u00bbentypo-icon entypo-icon-sound\u00a0\u00bb add_icon=\u00a0\u00bbtrue\u00a0\u00bb title=\u00a0\u00bbRecrutement\u00a0\u00bb tab_id=\u00a0\u00bb1697187160930-95c86502-92f3&Prime;][vc_column_text][\/vc_column_text][\/vc_tta_section][vc_tta_section i_type=\u00a0\u00bbentypo\u00a0\u00bb i_icon_entypo=\u00a0\u00bbentypo-icon entypo-icon-users\u00a0\u00bb add_icon=\u00a0\u00bbtrue\u00a0\u00bb title=\u00a0\u00bbMembres\u00a0\u00bb tab_id=\u00a0\u00bb1553765574797-8b42ce1c-6978&Prime;][vc_row_inner][vc_column_inner width=\u00a0\u00bb1\/2&Prime;][vc_single_image image=\u00a0\u00bb879&Prime; img_size=\u00a0\u00bbfull\u00a0\u00bb][\/vc_column_inner][vc_column_inner width=\u00a0\u00bb1\/2&Prime;][vc_column_text]Etre membre du Centre culturel, c\u2019est appartenir au r\u00e9seau actif des associations, tisser des liens, participer \u00e0 la vie culturelle, donner son avis \u00e0 l\u2019Assembl\u00e9e g\u00e9n\u00e9rale \u2026.. C\u2019est aussi b\u00e9n\u00e9ficier d\u2019un soutien logistique, administratif, technique, ainsi que de tarifs avantageux pour la location des salles et de certaines r\u00e9ductions pour nos spectacles.<\/p>\n<p>Tout repr\u00e9sentant d\u2019une association \u00e0 caract\u00e8re culturel, artistique, social, humanitaire\u2026.peut introduire une demande d\u2019affiliation. Comment ? En adressant un courrier au Conseil d\u2019administration du Centre culturel et en motivant votre demande.<\/p>\n<p>Cotisation annuelle : 25 EUR<\/p>\n<p>&nbsp;<\/p>\n<p>Si vous ne faites partie d&rsquo;aucune organisation ou que vous avez simplement l&rsquo;envie de vous rendre utile, il existe la possibilit\u00e9 de nous aider par le biais du volontariat\/b\u00e9n\u00e9volat.<\/p>\n<p>Vous pouvez vous investir dans une commission de projet ou simplement pour nous donner un petit coup de pouce. N&rsquo;h\u00e9sitez pas \u00e0 prendre contact avec notre secr\u00e9tariat par t\u00e9l\u00e9phone (081 510636) ou par e-mail (info@ecrin.be).[\/vc_column_text]<div class=\"customlist list-icon-fa-ok\"><\/p>\n<ul>\n<li style=\"list-style-type: none;\">\n<ul>\n<li><em><strong>Associations<\/strong><\/em><\/li>\n<li>Acad\u00e9mie<\/li>\n<li>A c\u0153ur joie<\/li>\n<li>ACRF<\/li>\n<li>Les Gais Lurons novillois<\/li>\n<li>Amis de l&rsquo;acad\u00e9mie<\/li>\n<li>Amnesty international<\/li>\n<li>Asbl Anne-Marie Nihoul<\/li>\n<li>Association artistique et culturelle<\/li>\n<li>Atelier de peinture<\/li>\n<li>CA3V<\/li>\n<li>CERAC<\/li>\n<li>Comit\u00e9 des f\u00eates de Aische-en-Refail<\/li>\n<li>CORP. du grand feu de Liernu<\/li>\n<li>Croix Rouge d&rsquo;Eghez\u00e9e<\/li>\n<li>Eelens Val\u00e9rie<\/li>\n<li>Entrechats<\/li>\n<li>Escargotite<\/li>\n<li>Festival BD de Hanret<\/li>\n<li>Ha\u00efti Ch\u00e9rie<\/li>\n<li>Interligne<\/li>\n<li>Jeux intervillages<\/li>\n<li>Les D\u00e9tracteurs<\/li>\n<li>Les gens de Mehaigne<\/li>\n<li>Leuze Calyptus<\/li>\n<li>Leuze en musique, culture et patrimoine<\/li>\n<li>Lions club Haute Hesbaye<\/li>\n<li>Li Tchaffiau<\/li>\n<li>Maison de la La\u00efcit\u00e9<\/li>\n<li>Patro Notre Dame de Dhuy<\/li>\n<li>Son corps voix<\/li>\n<li>Objectif photo loisir<\/li>\n<li>PICREN<\/li>\n<li>Phenomena Academy<\/li>\n<li>Soroptimist les 2 Sources<\/li>\n<li>Syndicat d&rsquo;initiative de La Bruy\u00e8re<\/li>\n<li>Tonic Dance club<\/li>\n<li>\n<table style=\"height: 902px;\" width=\"97\">\n<tbody>\n<tr>\n<td width=\"271\"><\/td>\n<\/tr>\n<tr>\n<td><\/td>\n<\/tr>\n<tr>\n<td><\/td>\n<\/tr>\n<tr>\n<td><\/td>\n<\/tr>\n<tr>\n<td><\/td>\n<\/tr>\n<tr>\n<td><\/td>\n<\/tr>\n<tr>\n<td><\/td>\n<\/tr>\n<tr>\n<td><\/td>\n<\/tr>\n<tr>\n<td><\/td>\n<\/tr>\n<tr>\n<td><\/td>\n<\/tr>\n<tr>\n<td><\/td>\n<\/tr>\n<tr>\n<td><\/td>\n<\/tr>\n<tr>\n<td><\/td>\n<\/tr>\n<tr>\n<td><\/td>\n<\/tr>\n<tr>\n<td><\/td>\n<\/tr>\n<tr>\n<td><\/td>\n<\/tr>\n<tr>\n<td><\/td>\n<\/tr>\n<tr>\n<td><\/td>\n<\/tr>\n<tr>\n<td><\/td>\n<\/tr>\n<tr>\n<td><\/td>\n<\/tr>\n<tr>\n<td><\/td>\n<\/tr>\n<tr>\n<td><\/td>\n<\/tr>\n<tr>\n<td><\/td>\n<\/tr>\n<tr>\n<td><\/td>\n<\/tr>\n<tr>\n<td><\/td>\n<\/tr>\n<tr>\n<td><\/td>\n<\/tr>\n<tr>\n<td><\/td>\n<\/tr>\n<tr>\n<td><\/td>\n<\/tr>\n<tr>\n<td><\/td>\n<\/tr>\n<tr>\n<td><\/td>\n<\/tr>\n<tr>\n<td><\/td>\n<\/tr>\n<\/tbody>\n<\/table>\n<\/li>\n<li><em><strong>Ecoles<\/strong><\/em><br \/>\n<table width=\"271\">\n<tbody>\n<tr>\n<td width=\"271\">Ecole Saint R\u00e9my de Hanret<\/td>\n<\/tr>\n<tr>\n<td>Ecole Saint Martin de Leuze<\/td>\n<\/tr>\n<tr>\n<td>Coll\u00e8ge Abb\u00e9 No\u00ebl<\/td>\n<\/tr>\n<tr>\n<td rowspan=\"2\">Ecoles communales d&rsquo;Eghez\u00e9e<\/p>\n<p>EFCAF<\/td>\n<\/tr>\n<tr>\n<td>EFAN<\/td>\n<\/tr>\n<\/tbody>\n<\/table>\n<\/li>\n<li><em><strong>Repr\u00e9sentants publics<\/strong><\/em><br \/>\n<table width=\"473\">\n<tbody>\n<tr>\n<td width=\"271\">Province de Namur<\/td>\n<td width=\"84\">Rennotte<\/td>\n<td width=\"118\">Philippe<\/td>\n<\/tr>\n<tr>\n<td>Province de Namur<\/td>\n<td>Smith<\/td>\n<td>Pierre<\/td>\n<\/tr>\n<\/tbody>\n<\/table>\n<table style=\"height: 283px;\" width=\"469\">\n<tbody>\n<tr>\n<td width=\"271\">EPV<\/td>\n<td width=\"84\">Vercoutere<\/td>\n<td width=\"118\">V\u00e9ronique<\/td>\n<\/tr>\n<tr>\n<td>EPV<\/td>\n<td>Cooremans<\/td>\n<td>J\u00e9r\u00f4me<\/td>\n<\/tr>\n<tr>\n<td>EPV<\/td>\n<td>Debailleul<\/td>\n<td>J\u00e9r\u00f4me<\/td>\n<\/tr>\n<tr>\n<td>EPV<\/td>\n<td>Verscoore<\/td>\n<td>Dimitri<\/td>\n<\/tr>\n<tr>\n<td>EPV<\/td>\n<td>Tremuth<\/td>\n<td>Pascal<\/td>\n<\/tr>\n<tr>\n<td>IC<\/td>\n<td>Deladri\u00e8re<\/td>\n<td>Marc<\/td>\n<\/tr>\n<tr>\n<td>IC<\/td>\n<td>Dorval<\/td>\n<td>Julie<\/td>\n<\/tr>\n<tr>\n<td>IC<\/td>\n<td>Petit<\/td>\n<td>V\u00e9ronique<\/td>\n<\/tr>\n<\/tbody>\n<\/table>\n<\/li>\n<li><\/li>\n<\/ul>\n<\/li>\n<\/ul>\n<p><\/div>[\/vc_column_inner][\/vc_row_inner][\/vc_tta_section][vc_tta_section i_type=\u00a0\u00bbentypo\u00a0\u00bb i_icon_entypo=\u00a0\u00bbentypo-icon entypo-icon-star\u00a0\u00bb add_icon=\u00a0\u00bbtrue\u00a0\u00bb title=\u00a0\u00bbNos salles\u00a0\u00bb tab_id=\u00a0\u00bb1553765577482-34266e85-3eb5&Prime;][vc_column_text css=\u00a0\u00bb\u00a0\u00bb]<\/p>\n<p style=\"text-align: center;\"><span style=\"color: #ff0000;\">ATTENTION: les salles seront ferm\u00e9es et inaccessibles du 1er mai 2025 au 15 janvier 2026, pour cause de travaux de r\u00e9novation \u00e9nerg\u00e9tique dans le b\u00e2timent !<\/span><\/p>\n<p>[\/vc_column_text]<div class=\"ult_exp_section_layer ult-adjust-bottom-margin  \" >\n\t\t<div id=\"uvc-exp-wrap-9542\" role=\"button\" tabindex=\"0\" aria-pressed=\"false\"  data-ultimate-target='#uvc-exp-wrap-9542'  data-responsive-json-new='{\"font-size\":\"desktop:20px;\",\"line-height\":\"desktop:20px;\"}'  class=\"ult_exp_section  ult-responsive \" style=\"color:#333333;background-color:#dbdbdb; font-weight:normal;  text-align:center;\" data-textcolor=\"#333333\"data-texthover=\"#333333\"data-icncolor=\"#333333\"data-ihover=\"#333333\"data-height=\"0\"data-cntbg=\"#dbdbdb\"data-cnthvrbg=\"#e5e5e5\"data-headerbg=\"#dbdbdb\"data-headerhover=\"#e5e5e5\"data-title=\"La cuisine\"data-newtitle=\"La cuisine\"data-icon=\"\"data-newicon=\"\"data-activeicon=\"#333333\"data-effect=\"slideToggle\"data-override=\"0\"data-activetitle=\"#333333\"data-activebg=\"#dbdbdb\"data-img=\"\"data-newimg=\"\"><div  class=\"ult_exp_section-main \">\n\t\t\t\t\t<div class=\"ult_expheader\" >La cuisine\n\t\t\t\t\t <\/div><\/div>\n\t\t\t\t<\/div><div class=\"ult_exp_content \" style=\"background-color:#dbdbdb;  \"><div class=\"ult_ecpsub_cont\" style=\" \" >[vc_column_text]La cuisine est \u00e9quip\u00e9e d&rsquo;une cuisini\u00e8re professionnelle \u00e9lectrique, d&rsquo;un four \u00e0 vapeur, d&rsquo;une chambre froide, de deux friteuses, d&rsquo;un lave vaisselle industriel et de mobilier en inox.<\/p>\n<p>Un acc\u00e8s vers l&rsquo;ext\u00e9rieur permet un d\u00e9chargement facile.<\/p>\n<p><img loading=\"lazy\" decoding=\"async\" class=\"alignnone size-medium wp-image-1165\" src=\"http:\/\/www.wordpress.ecrin.be\/wp-content\/uploads\/2019\/11\/1-cuisine-1-300x225.jpg\" alt=\"\" width=\"300\" height=\"225\" srcset=\"https:\/\/www.wordpress.ecrin.be\/wp-content\/uploads\/2019\/11\/1-cuisine-1-300x225.jpg 300w, https:\/\/www.wordpress.ecrin.be\/wp-content\/uploads\/2019\/11\/1-cuisine-1-768x576.jpg 768w, https:\/\/www.wordpress.ecrin.be\/wp-content\/uploads\/2019\/11\/1-cuisine-1-1024x768.jpg 1024w, https:\/\/www.wordpress.ecrin.be\/wp-content\/uploads\/2019\/11\/1-cuisine-1-780x585.jpg 780w, https:\/\/www.wordpress.ecrin.be\/wp-content\/uploads\/2019\/11\/1-cuisine-1-1120x840.jpg 1120w\" sizes=\"(max-width: 300px) 100vw, 300px\" \/><img loading=\"lazy\" decoding=\"async\" class=\"alignnone size-medium wp-image-1166\" src=\"http:\/\/www.wordpress.ecrin.be\/wp-content\/uploads\/2019\/11\/1-cuisine-2-300x225.jpg\" alt=\"\" width=\"300\" height=\"225\" srcset=\"https:\/\/www.wordpress.ecrin.be\/wp-content\/uploads\/2019\/11\/1-cuisine-2-300x225.jpg 300w, https:\/\/www.wordpress.ecrin.be\/wp-content\/uploads\/2019\/11\/1-cuisine-2-768x576.jpg 768w, https:\/\/www.wordpress.ecrin.be\/wp-content\/uploads\/2019\/11\/1-cuisine-2-1024x768.jpg 1024w, https:\/\/www.wordpress.ecrin.be\/wp-content\/uploads\/2019\/11\/1-cuisine-2-780x585.jpg 780w, https:\/\/www.wordpress.ecrin.be\/wp-content\/uploads\/2019\/11\/1-cuisine-2-1120x840.jpg 1120w\" sizes=\"(max-width: 300px) 100vw, 300px\" \/><img loading=\"lazy\" decoding=\"async\" class=\"alignnone size-medium wp-image-1167\" src=\"http:\/\/www.wordpress.ecrin.be\/wp-content\/uploads\/2019\/11\/1-cuisine-3-300x225.jpg\" alt=\"\" width=\"300\" height=\"225\" srcset=\"https:\/\/www.wordpress.ecrin.be\/wp-content\/uploads\/2019\/11\/1-cuisine-3-300x225.jpg 300w, https:\/\/www.wordpress.ecrin.be\/wp-content\/uploads\/2019\/11\/1-cuisine-3-768x576.jpg 768w, https:\/\/www.wordpress.ecrin.be\/wp-content\/uploads\/2019\/11\/1-cuisine-3-1024x768.jpg 1024w, https:\/\/www.wordpress.ecrin.be\/wp-content\/uploads\/2019\/11\/1-cuisine-3-780x585.jpg 780w, https:\/\/www.wordpress.ecrin.be\/wp-content\/uploads\/2019\/11\/1-cuisine-3-1120x840.jpg 1120w\" sizes=\"(max-width: 300px) 100vw, 300px\" \/><img loading=\"lazy\" decoding=\"async\" class=\"alignnone size-medium wp-image-1168\" src=\"http:\/\/www.wordpress.ecrin.be\/wp-content\/uploads\/2019\/11\/1-cuisine-4-300x225.jpg\" alt=\"\" width=\"300\" height=\"225\" srcset=\"https:\/\/www.wordpress.ecrin.be\/wp-content\/uploads\/2019\/11\/1-cuisine-4-300x225.jpg 300w, https:\/\/www.wordpress.ecrin.be\/wp-content\/uploads\/2019\/11\/1-cuisine-4-768x576.jpg 768w, https:\/\/www.wordpress.ecrin.be\/wp-content\/uploads\/2019\/11\/1-cuisine-4-1024x768.jpg 1024w, https:\/\/www.wordpress.ecrin.be\/wp-content\/uploads\/2019\/11\/1-cuisine-4-780x585.jpg 780w, https:\/\/www.wordpress.ecrin.be\/wp-content\/uploads\/2019\/11\/1-cuisine-4-1120x840.jpg 1120w\" sizes=\"(max-width: 300px) 100vw, 300px\" \/>[\/vc_column_text]<\/div><\/div>\n\n\t\t\t<\/div><div class=\"ult_exp_section_layer ult-adjust-bottom-margin  \" >\n\t\t<div id=\"uvc-exp-wrap-4720\" role=\"button\" tabindex=\"0\" aria-pressed=\"false\"  data-ultimate-target='#uvc-exp-wrap-4720'  data-responsive-json-new='{\"font-size\":\"desktop:20px;\",\"line-height\":\"desktop:20px;\"}'  class=\"ult_exp_section  ult-responsive \" style=\"color:#333333;background-color:#dbdbdb; font-weight:normal;  text-align:center;\" data-textcolor=\"#333333\"data-texthover=\"#333333\"data-icncolor=\"#333333\"data-ihover=\"#333333\"data-height=\"0\"data-cntbg=\"#dbdbdb\"data-cnthvrbg=\"#e5e5e5\"data-headerbg=\"#dbdbdb\"data-headerhover=\"#e5e5e5\"data-title=\"Foyer (bar)\"data-newtitle=\"Foyer (bar)\"data-icon=\"\"data-newicon=\"\"data-activeicon=\"#333333\"data-effect=\"slideToggle\"data-override=\"0\"data-activetitle=\"#333333\"data-activebg=\"#dbdbdb\"data-img=\"\"data-newimg=\"\"><div  class=\"ult_exp_section-main \">\n\t\t\t\t\t<div class=\"ult_expheader\" >Foyer (bar)\n\t\t\t\t\t <\/div><\/div>\n\t\t\t\t<\/div><div class=\"ult_exp_content \" style=\"background-color:#dbdbdb;  \"><div class=\"ult_ecpsub_cont\" style=\" \" >[vc_column_text]Le foyer du centre culturel est accessible directement par le hall d&rsquo;entr\u00e9e.\u00a0 Il est \u00e9quip\u00e9 en pompes \u00e0 bi\u00e8res, frigos, comptoir et \u00e9vier.<\/p>\n<p>Il peut accueillir jusqu&rsquo;\u00e0 120 personnes debout ou 80 assises.<\/p>\n<p><a href=\"http:\/\/www.wordpress.ecrin.be\/wp-content\/uploads\/2019\/11\/Plan-Foyer.pdf\">Plan Foyer<\/a><\/p>\n<p><img loading=\"lazy\" decoding=\"async\" class=\"alignnone size-medium wp-image-1154\" src=\"http:\/\/www.wordpress.ecrin.be\/wp-content\/uploads\/2019\/11\/1-foyer-1-300x225.jpg\" alt=\"\" width=\"300\" height=\"225\" srcset=\"https:\/\/www.wordpress.ecrin.be\/wp-content\/uploads\/2019\/11\/1-foyer-1-300x225.jpg 300w, https:\/\/www.wordpress.ecrin.be\/wp-content\/uploads\/2019\/11\/1-foyer-1-768x576.jpg 768w, https:\/\/www.wordpress.ecrin.be\/wp-content\/uploads\/2019\/11\/1-foyer-1-1024x768.jpg 1024w, https:\/\/www.wordpress.ecrin.be\/wp-content\/uploads\/2019\/11\/1-foyer-1-780x585.jpg 780w, https:\/\/www.wordpress.ecrin.be\/wp-content\/uploads\/2019\/11\/1-foyer-1-1120x840.jpg 1120w\" sizes=\"(max-width: 300px) 100vw, 300px\" \/><img loading=\"lazy\" decoding=\"async\" class=\"alignnone size-medium wp-image-1155\" src=\"http:\/\/www.wordpress.ecrin.be\/wp-content\/uploads\/2019\/11\/1-foyer-2-300x225.jpg\" alt=\"\" width=\"300\" height=\"225\" srcset=\"https:\/\/www.wordpress.ecrin.be\/wp-content\/uploads\/2019\/11\/1-foyer-2-300x225.jpg 300w, https:\/\/www.wordpress.ecrin.be\/wp-content\/uploads\/2019\/11\/1-foyer-2-768x576.jpg 768w, https:\/\/www.wordpress.ecrin.be\/wp-content\/uploads\/2019\/11\/1-foyer-2-1024x768.jpg 1024w, https:\/\/www.wordpress.ecrin.be\/wp-content\/uploads\/2019\/11\/1-foyer-2-780x585.jpg 780w, https:\/\/www.wordpress.ecrin.be\/wp-content\/uploads\/2019\/11\/1-foyer-2-1120x840.jpg 1120w\" sizes=\"(max-width: 300px) 100vw, 300px\" \/>[\/vc_column_text]<\/div><\/div>\n\n\t\t\t<\/div><div class=\"ult_exp_section_layer ult-adjust-bottom-margin  \" >\n\t\t<div id=\"uvc-exp-wrap-3338\" role=\"button\" tabindex=\"0\" aria-pressed=\"false\"  data-ultimate-target='#uvc-exp-wrap-3338'  data-responsive-json-new='{\"font-size\":\"desktop:20px;\",\"line-height\":\"desktop:20px;\"}'  class=\"ult_exp_section  ult-responsive \" style=\"color:#333333;background-color:#dbdbdb; font-weight:normal;  text-align:center;\" data-textcolor=\"#333333\"data-texthover=\"#333333\"data-icncolor=\"#333333\"data-ihover=\"#333333\"data-height=\"0\"data-cntbg=\"#dbdbdb\"data-cnthvrbg=\"#e5e5e5\"data-headerbg=\"#dbdbdb\"data-headerhover=\"#e5e5e5\"data-title=\"Petite salle\"data-newtitle=\"Petite salle\"data-icon=\"\"data-newicon=\"\"data-activeicon=\"#333333\"data-effect=\"slideToggle\"data-override=\"0\"data-activetitle=\"#333333\"data-activebg=\"#dbdbdb\"data-img=\"\"data-newimg=\"\"><div  class=\"ult_exp_section-main \">\n\t\t\t\t\t<div class=\"ult_expheader\" >Petite salle\n\t\t\t\t\t <\/div><\/div>\n\t\t\t\t<\/div><div class=\"ult_exp_content \" style=\"background-color:#dbdbdb;  \"><div class=\"ult_ecpsub_cont\" style=\" \" >[vc_column_text css=\u00a0\u00bb\u00a0\u00bb]La petite salle est situ\u00e9e au premier \u00e9tage.\u00a0 L&rsquo;acc\u00e8s se fait uniquement par un escalier.<\/p>\n<p>Elle mesure 10,7 m de large et 23,65 m de long, elle est \u00e9quip\u00e9e d&rsquo;une sc\u00e8ne en praticables non d\u00e9montables de 10m d&rsquo;ouverture sur 6m de profondeur.<\/p>\n<p>La salle est polyvalente, le gradin est d\u00e9montable et peut accueillir suivant les formules 225 personnes debout ou 149 personnes au maximum assises.<\/p>\n<p>Elle est pourvue d&rsquo;un \u00e9quipement d&rsquo;accrochage d&rsquo;\u00e9clairage sc\u00e9nique partiel au dessus de la sc\u00e8ne et de deux perches d&rsquo;\u00e9clairage en face.<\/p>\n<p><a href=\"https:\/\/www.wordpress.ecrin.be\/wp-content\/uploads\/2024\/09\/PS-Base.pdf\" target=\"_blank\" rel=\"noopener\">Plan technique<\/a><\/p>\n<p><a href=\"http:\/\/www.ecrin.be\/wp-content\/uploads\/2019\/11\/1-plan-PS.pdf\">1 plan PS<\/a><\/p>\n<p><a href=\"http:\/\/www.wordpress.ecrin.be\/wp-content\/uploads\/2019\/11\/1-coupe-PS.pdf\">1 coupe PS<\/a><\/p>\n<p><a href=\"http:\/\/www.wordpress.ecrin.be\/wp-content\/uploads\/2019\/11\/1-Plan-PS-cabaret-120-places.pdf\">1 Plan PS cabaret 120 places<\/a><\/p>\n<p><a href=\"http:\/\/www.wordpress.ecrin.be\/wp-content\/uploads\/2019\/11\/1-PS-149-places.pdf\">1 PS 149 places<\/a><\/p>\n<p><img loading=\"lazy\" decoding=\"async\" class=\"alignnone size-medium wp-image-1158\" src=\"http:\/\/www.wordpress.ecrin.be\/wp-content\/uploads\/2019\/11\/1-PS-1-300x225.jpg\" alt=\"\" width=\"300\" height=\"225\" srcset=\"https:\/\/www.wordpress.ecrin.be\/wp-content\/uploads\/2019\/11\/1-PS-1-300x225.jpg 300w, https:\/\/www.wordpress.ecrin.be\/wp-content\/uploads\/2019\/11\/1-PS-1-768x576.jpg 768w, https:\/\/www.wordpress.ecrin.be\/wp-content\/uploads\/2019\/11\/1-PS-1-1024x768.jpg 1024w, https:\/\/www.wordpress.ecrin.be\/wp-content\/uploads\/2019\/11\/1-PS-1-780x585.jpg 780w, https:\/\/www.wordpress.ecrin.be\/wp-content\/uploads\/2019\/11\/1-PS-1-1120x840.jpg 1120w\" sizes=\"(max-width: 300px) 100vw, 300px\" \/><img loading=\"lazy\" decoding=\"async\" class=\"alignnone size-medium wp-image-1159\" src=\"http:\/\/www.wordpress.ecrin.be\/wp-content\/uploads\/2019\/11\/1-PS-2-300x225.jpg\" alt=\"\" width=\"300\" height=\"225\" srcset=\"https:\/\/www.wordpress.ecrin.be\/wp-content\/uploads\/2019\/11\/1-PS-2-300x225.jpg 300w, https:\/\/www.wordpress.ecrin.be\/wp-content\/uploads\/2019\/11\/1-PS-2.jpg 640w\" sizes=\"(max-width: 300px) 100vw, 300px\" \/>[\/vc_column_text]<\/div><\/div>\n\n\t\t\t<\/div><div class=\"ult_exp_section_layer ult-adjust-bottom-margin  \" >\n\t\t<div id=\"uvc-exp-wrap-5223\" role=\"button\" tabindex=\"0\" aria-pressed=\"false\"  data-ultimate-target='#uvc-exp-wrap-5223'  data-responsive-json-new='{\"font-size\":\"desktop:20px;\",\"line-height\":\"desktop:20px;\"}'  class=\"ult_exp_section  ult-responsive \" style=\"color:#333333;background-color:#dbdbdb; font-weight:normal;  text-align:center;\" data-textcolor=\"#333333\"data-texthover=\"#333333\"data-icncolor=\"#333333\"data-ihover=\"#333333\"data-height=\"0\"data-cntbg=\"#dbdbdb\"data-cnthvrbg=\"#e5e5e5\"data-headerbg=\"#dbdbdb\"data-headerhover=\"#e5e5e5\"data-title=\"Grande salle\"data-newtitle=\"Grande salle\"data-icon=\"\"data-newicon=\"\"data-activeicon=\"#333333\"data-effect=\"slideToggle\"data-override=\"0\"data-activetitle=\"#333333\"data-activebg=\"#dbdbdb\"data-img=\"\"data-newimg=\"\"><div  class=\"ult_exp_section-main \">\n\t\t\t\t\t<div class=\"ult_expheader\" >Grande salle\n\t\t\t\t\t <\/div><\/div>\n\t\t\t\t<\/div><div class=\"ult_exp_content \" style=\"background-color:#dbdbdb;  \"><div class=\"ult_ecpsub_cont\" style=\" \" >[vc_column_text css=\u00a0\u00bb\u00a0\u00bb]<\/p>\n<div style=\"text-align: left;\">La grande salle fait 30 m\u00e8tres sur 24, est \u00e9quip\u00e9e d\u2019un gradin de 278 places. \u00a0 En cas de n\u00e9cessit\u00e9, il est possible de reculer les gradins pour lib\u00e9rer un espace qui permet de rajouter 162 chaises devant la sc\u00e8ne. \u00a0Soit 440 places.<\/div>\n<div style=\"text-align: left;\"><\/div>\n<div style=\"text-align: left;\">Le plateau de la sc\u00e8ne est compos\u00e9 de praticables amovibles de 2&#215;1 m\u00e8tres.<\/div>\n<div style=\"text-align: left;\">Ouverture du plateau: 12 m\u00e8tres<\/div>\n<div style=\"text-align: left;\">Profondeur: 8 m\u00e8tres<\/div>\n<div style=\"text-align: left;\">Hauteur sous structure: 4.8 m\u00e8tres (si sc\u00e8ne sur\u00e9lev\u00e9e \u00e0 1m) ou 5.8 m\u00e8tres (si sc\u00e8ne au sol).<\/div>\n<div style=\"text-align: left;\"><\/div>\n<div style=\"text-align: left;\">Les arriv\u00e9es \u00e9lectriques sont \u00e0 l\u2019arri\u00e8re de la sc\u00e8ne, c\u00f4t\u00e9 jardin. \u00a0Elles se composent de 4 prises 400V 63A +N +T, d\u2019une prise 32A triphas\u00e9 N +T.<\/div>\n<div>La salle est modulable, c&rsquo;est \u00e0 dire que le gradin est repliable, la sc\u00e8ne est d\u00e9montable.\u00a0 La salle peut accueillir des salons, des soupers (mobiliers sur places pour 300 personnes) ou des expos.<\/div>\n<div><\/div>\n<div>\n<div>\n<p><a class=\"jce_file\" title=\"Plan\" href=\"https:\/\/www.wordpress.ecrin.be\/wp-content\/uploads\/2022\/03\/GS-general.png\" target=\"_blank\" rel=\"noopener noreferrer\">Plan<\/a><\/p>\n<p><a href=\"https:\/\/www.wordpress.ecrin.be\/wp-content\/uploads\/2024\/09\/Plan-GS-Ecrin-TOUT.pdf\" target=\"_blank\" rel=\"noopener\">Plan technique<\/a><\/p>\n<p>Sch\u00e9ma du pont d&rsquo;\u00e9clairage<\/p>\n<p><a class=\"jce_file\" title=\"Configurations du gradin\" href=\"https:\/\/www.wordpress.ecrin.be\/wp-content\/uploads\/2022\/03\/GS-gradin-450pl.jpg\" target=\"_blank\" rel=\"noopener noreferrer\">Configuration du gradin en 450 places<\/a><\/p>\n<p><a class=\"jce_file\" title=\"Configurations du gradin\" href=\"https:\/\/www.wordpress.ecrin.be\/wp-content\/uploads\/2022\/03\/GS-gradin-300pl.jpg\" target=\"_blank\" rel=\"noopener noreferrer\">Configuration du gradin en 300 places<\/a><\/p>\n<p><a class=\"jce_file\" title=\"Configurations du gradin\" href=\"https:\/\/www.wordpress.ecrin.be\/wp-content\/uploads\/2022\/03\/GS-gradin-280pl.jpg\" target=\"_blank\" rel=\"noopener noreferrer\">Configuration du gradin en 280 places<\/a><\/p>\n<p><img loading=\"lazy\" decoding=\"async\" class=\"alignnone size-medium wp-image-1161\" src=\"http:\/\/www.wordpress.ecrin.be\/wp-content\/uploads\/2019\/11\/1-GS-1-300x225.jpg\" alt=\"\" width=\"300\" height=\"225\" srcset=\"https:\/\/www.wordpress.ecrin.be\/wp-content\/uploads\/2019\/11\/1-GS-1-300x225.jpg 300w, https:\/\/www.wordpress.ecrin.be\/wp-content\/uploads\/2019\/11\/1-GS-1-768x576.jpg 768w, https:\/\/www.wordpress.ecrin.be\/wp-content\/uploads\/2019\/11\/1-GS-1-1024x768.jpg 1024w, https:\/\/www.wordpress.ecrin.be\/wp-content\/uploads\/2019\/11\/1-GS-1-780x585.jpg 780w, https:\/\/www.wordpress.ecrin.be\/wp-content\/uploads\/2019\/11\/1-GS-1-1120x840.jpg 1120w\" sizes=\"(max-width: 300px) 100vw, 300px\" \/><img loading=\"lazy\" decoding=\"async\" class=\"alignnone size-medium wp-image-1162\" src=\"http:\/\/www.wordpress.ecrin.be\/wp-content\/uploads\/2019\/11\/1-GS-5-300x224.jpg\" alt=\"\" width=\"300\" height=\"224\" srcset=\"https:\/\/www.wordpress.ecrin.be\/wp-content\/uploads\/2019\/11\/1-GS-5-300x224.jpg 300w, https:\/\/www.wordpress.ecrin.be\/wp-content\/uploads\/2019\/11\/1-GS-5-768x574.jpg 768w, https:\/\/www.wordpress.ecrin.be\/wp-content\/uploads\/2019\/11\/1-GS-5-1024x765.jpg 1024w, https:\/\/www.wordpress.ecrin.be\/wp-content\/uploads\/2019\/11\/1-GS-5-780x583.jpg 780w, https:\/\/www.wordpress.ecrin.be\/wp-content\/uploads\/2019\/11\/1-GS-5-1120x837.jpg 1120w, https:\/\/www.wordpress.ecrin.be\/wp-content\/uploads\/2019\/11\/1-GS-5.jpg 1296w\" sizes=\"(max-width: 300px) 100vw, 300px\" \/><img loading=\"lazy\" decoding=\"async\" class=\"alignnone size-medium wp-image-1163\" src=\"http:\/\/www.wordpress.ecrin.be\/wp-content\/uploads\/2019\/11\/1-GS3-300x224.jpg\" alt=\"\" width=\"300\" height=\"224\" srcset=\"https:\/\/www.wordpress.ecrin.be\/wp-content\/uploads\/2019\/11\/1-GS3-300x224.jpg 300w, https:\/\/www.wordpress.ecrin.be\/wp-content\/uploads\/2019\/11\/1-GS3-768x574.jpg 768w, https:\/\/www.wordpress.ecrin.be\/wp-content\/uploads\/2019\/11\/1-GS3-1024x765.jpg 1024w, https:\/\/www.wordpress.ecrin.be\/wp-content\/uploads\/2019\/11\/1-GS3-780x583.jpg 780w, https:\/\/www.wordpress.ecrin.be\/wp-content\/uploads\/2019\/11\/1-GS3-1120x837.jpg 1120w, https:\/\/www.wordpress.ecrin.be\/wp-content\/uploads\/2019\/11\/1-GS3.jpg 1296w\" sizes=\"(max-width: 300px) 100vw, 300px\" \/><\/p>\n<\/div>\n<\/div>\n<div id=\"ConnectiveDocSignExtentionInstalled\" data-extension-version=\"1.0.4\"><\/div>\n<p>[\/vc_column_text]<\/div><\/div>\n\n\t\t\t<\/div><div class=\"ult_exp_section_layer ult-adjust-bottom-margin  \" >\n\t\t<div id=\"uvc-exp-wrap-1960\" role=\"button\" tabindex=\"0\" aria-pressed=\"false\"  data-ultimate-target='#uvc-exp-wrap-1960'  data-responsive-json-new='{\"font-size\":\"desktop:20px;\",\"line-height\":\"desktop:20px;\"}'  class=\"ult_exp_section  ult-responsive \" style=\"color:#333333;background-color:#dbdbdb; font-weight:normal;  text-align:center;\" data-textcolor=\"#333333\"data-texthover=\"#333333\"data-icncolor=\"#333333\"data-ihover=\"#333333\"data-height=\"0\"data-cntbg=\"#dbdbdb\"data-cnthvrbg=\"#e5e5e5\"data-headerbg=\"#dbdbdb\"data-headerhover=\"#e5e5e5\"data-title=\"Tarifs de location des salles\"data-newtitle=\"Tarifs de location des salles\"data-icon=\"\"data-newicon=\"\"data-activeicon=\"#333333\"data-effect=\"slideToggle\"data-override=\"0\"data-activetitle=\"#333333\"data-activebg=\"#dbdbdb\"data-img=\"\"data-newimg=\"\"><div  class=\"ult_exp_section-main \">\n\t\t\t\t\t<div class=\"ult_expheader\" >Tarifs de location des salles\n\t\t\t\t\t <\/div><\/div>\n\t\t\t\t<\/div><div class=\"ult_exp_content \" style=\"background-color:#dbdbdb;  \"><div class=\"ult_ecpsub_cont\" style=\" \" >[vc_column_text css=\u00a0\u00bb\u00a0\u00bb]<span style=\"color: #ff0000;\">ATTENTION: les salles seront ferm\u00e9es et inaccessibles du 1er mai 2025 au 30 septembre 2025, pour cause de travaux \u00e9nerg\u00e9tiques dans le b\u00e2timent !<\/span><\/p>\n<p style=\"text-align: left;\">Pour toute info sur la location, vous pouvez prendre contact avec notre secr\u00e9tariat au 081 51 06 36 ou sur\u00a0 <a href=\"mailto:info@ecrin.be\">info@ecrin.be<\/a><\/p>\n<p>&nbsp;<\/p>\n<table border=\"0\" cellspacing=\"3\" cellpadding=\"0\" align=\"left\">\n<tbody>\n<tr>\n<td valign=\"top\"><\/td>\n<td>\n<p align=\"center\"><b>Prix pour une journ\u00e9e<br \/>\n(tarifs en vigueur du 1\/01\/2026 au 31\/12\/2026)<br \/>\n<\/b><\/p>\n<\/td>\n<td>\n<p align=\"center\"><b>Associations<br \/>\nmembres<br \/>\nECRIN<\/b><\/p>\n<\/td>\n<td>\n<p align=\"center\"><b>Association<br \/>\nEntit\u00e9<\/b><\/p>\n<\/td>\n<td>\n<p align=\"center\"><b>Associations<br \/>\nhors Entit\u00e9 &amp;<br \/>\nPriv\u00e9s<br \/>\n<\/b><\/p>\n<\/td>\n<\/tr>\n<tr>\n<td valign=\"top\"><\/td>\n<td>\u00a0Tout le b\u00e2timent<\/td>\n<td>\n<p align=\"center\">1181 \u20ac<\/p>\n<\/td>\n<td>\n<p align=\"center\">\u00a01361 \u20ac<\/p>\n<\/td>\n<td>\n<p align=\"center\">1879 \u20ac<\/p>\n<\/td>\n<\/tr>\n<tr>\n<td valign=\"top\"><\/td>\n<td>\u00a0Grande salle + foyer<\/td>\n<td>\n<p align=\"center\">869 \u20ac<\/p>\n<\/td>\n<td>\n<p align=\"center\">1044,50 \u20ac<\/p>\n<\/td>\n<td>\n<p align=\"center\">1476 \u20ac<\/p>\n<\/td>\n<\/tr>\n<tr>\n<td valign=\"top\"><\/td>\n<td>\u00a0Petite salle<\/td>\n<td>\n<p align=\"center\">366 \u20ac<\/p>\n<\/td>\n<td>\n<p align=\"center\">486,50 \u20ac<\/p>\n<\/td>\n<td>\n<p align=\"center\">701 \u20ac<\/p>\n<\/td>\n<\/tr>\n<tr>\n<td valign=\"top\"><\/td>\n<td>\u00a0Foyer + bar<\/td>\n<td>\n<p align=\"center\">234 \u20ac<\/p>\n<\/td>\n<td>\n<p align=\"center\">281,50 \u20ac<\/p>\n<\/td>\n<td>\n<p align=\"center\">398 \u20ac<\/p>\n<\/td>\n<\/tr>\n<tr>\n<td valign=\"top\"><\/td>\n<td>\u00a0Foyer sans bar<\/td>\n<td>\n<p align=\"center\">141 \u20ac<\/p>\n<\/td>\n<td>\n<p align=\"center\">189 \u20ac<\/p>\n<\/td>\n<td>\n<p align=\"center\">303 \u20ac<\/p>\n<\/td>\n<\/tr>\n<\/tbody>\n<\/table>\n<p>[\/vc_column_text]<\/div><\/div>\n\n\t\t\t<\/div>[\/vc_tta_section][vc_tta_section i_type=\u00a0\u00bbentypo\u00a0\u00bb i_icon_entypo=\u00a0\u00bbentypo-icon entypo-icon-brush\u00a0\u00bb add_icon=\u00a0\u00bbtrue\u00a0\u00bb title=\u00a0\u00bbInspiration\u00a0\u00bb tab_id=\u00a0\u00bb1573720962277-71631017-252a\u00a0\u00bb][vc_column_text]<em><strong>Voici quelques infos sur l&rsquo;importance de la culture que nous tenons \u00e0 partager avec vous &#8230;.<\/strong><\/em><\/p>\n<p><a href=\"http:\/\/www.slate.fr\/story\/200715\/pratiquer-art-musique-theatre-aide-memoire-cerveau-age-capacites-cognitives-concentration\">Pratiquer la musique ou le th\u00e9\u00e2tre d\u00e9veloppe les capacit\u00e9s cognitives du cerveau<\/a><\/p>\n<p class=\"titre_yanone titre-article\"><a href=\"https:\/\/www.consoglobe.com\/musique-enfants-intelligents-cg\">La musique rend les enfants plus intelligents<\/a><\/p>\n<p><a href=\"https:\/\/www.youtube.com\/watch?v=0E4awMcrLEk\" target=\"_blank\" rel=\"noopener noreferrer\">Les effets \u00e9conomiques de l&rsquo;investissement public dans la culture<\/a><\/p>\n<p><a href=\"https:\/\/www.telerama.fr\/enfants\/aujourdhui,-le-manque-deveil-culturel-et-artistique-des-tout-petits-est-un-fleau-sanitaire,n6299251.php#header--nav-right\" target=\"_blank\" rel=\"noopener noreferrer\">L&rsquo;\u00e9veil artistique n\u00e9cessaire pour les plus jeunes<\/a><\/p>\n<p><a href=\"https:\/\/www.ledevoir.com\/culture\/361675\/l-education-aux-arts-est-un-facteur-de-reussite-scolaire-et-sociale\" target=\"_blank\" rel=\"noopener noreferrer\">L\u2019\u00e9ducation aux arts est un facteur de r\u00e9ussite scolaire et sociale<\/a><\/p>\n<p><a href=\"https:\/\/www.neonmag.fr\/pour-la-premiere-fois-loms-reconnait-lart-comme-benefique-pour-la-sante-mentale-et-physique-549849.html?fbclid=IwAR155sAhjcPcbH3XS3TZ-sJsAgZJN-VcxVFxVOf4uvmV7N2BoOFsuB28QVw\">La culture est bonne pour la sant\u00e9!\u00a0 C&rsquo;est l&rsquo;OMS qui le dit.<\/a><\/p>\n<p><a href=\"https:\/\/www.lemonde.fr\/culture\/article\/2020\/10\/22\/quand-la-science-prouve-que-l-art-fait-du-bien_6056952_3246.html?fbclid=IwAR0jGKDt5RxU7SJemx7SzhJREHAtGMjqUKDNq752UQhlFBePvnlC_EHSt-c\">L&rsquo;art fait du bien, c&rsquo;est scientifique<\/a><\/p>\n<p><em>et pour ceux qui ne nous connaissent pas trop bien &#8230;<\/em><\/p>\n<h3><strong>L&rsquo;histoire d&rsquo;Ecrin<\/strong><\/h3>\n<p><strong>30 septembre 1991<\/strong><\/p>\n<p>Le Conseil communal vote la cr\u00e9ation du Centre culturel d\u2019Eghez\u00e9e en annexe au Centre sportif vot\u00e9 lui en 1985 et b\u00e2ti en 1991.<\/p>\n<p><strong>10 d\u00e9cembre 1997<\/strong><\/p>\n<p>La premi\u00e8re Assembl\u00e9e G\u00e9n\u00e9rale de l\u2019asbl destin\u00e9e \u00e0 g\u00e9rer la Culture \u00e0 Eghez\u00e9e a eu lieu. Le nom de l\u2019asbl fut choisi ce jour l\u00e0 :\u00a0<strong>Espace Culturel Rural d\u2019INgh\u00e8s\u00e9y\u00a0<\/strong>(Eghez\u00e9e en Wallon namurois) &#8211; ECRIN.<\/p>\n<p>Madame Isabelle AUTHOM y fut d\u00e9sign\u00e9e en tant que coordinatrice culturelle.<\/p>\n<p>La premi\u00e8re activit\u00e9 organis\u00e9e par l\u2019Ecrin en 1997 fut la premi\u00e8re \u00e9dition de l\u2019op\u00e9ration \u00abPlace aux Enfants\u00bb. Cette op\u00e9ration est depuis toujours organis\u00e9e chaque ann\u00e9e \u00e0<br \/>\nEghez\u00e9e par le service Enfance de l\u2019administration communale et avec la participation de nombreux commer\u00e7ants d\u2019Eghez\u00e9e.<\/p>\n<p><strong>10 octobre 1998<\/strong><\/p>\n<p>Inauguration officielle du Centre culturel en pr\u00e9sence du Ministre Charles PIQUET.<\/p>\n<p>Une semaine plus tard, les 16, 17 et 18 octobre 1998, lancement officiel des activit\u00e9s d\u2019Ecrin avec comme premi\u00e8re le spectacle \u00abLa Framboise Frivole\u00bb.<\/p>\n<p><strong>1999<\/strong><\/p>\n<p>Organisation du premier festival des cr\u00e9ations amateurs locales. Depuis, chaque ann\u00e9e, l\u2019Ecrin r\u00e9serve une partie de son programme aux diff\u00e9rentes activit\u00e9s \u00abamateurs\u00bb organis\u00e9e<br \/>\npar des associations d\u2019Eghez\u00e9e : th\u00e9\u00e2tres, peintures, ateliers,expositions,&#8230;<\/p>\n<p><strong>2000<\/strong><\/p>\n<p>Ecriture du premier contrat programme d\u2019Ecrin. l\u2019asbl est ainsi reconnue officiellement le 1er janvier 2000 par la Communaut\u00e9 Fran\u00e7aise. En 8 ans, de 2000 \u00e0 2008, l\u2019Ecrin sera r\u00e9compens\u00e9 par la Communaut\u00e9 Fran\u00e7aise plusieurs fois montant de \u00abCat\u00e9gorie 4\u00bb en 2000 \u00e0 la \u00abCat\u00e9gorie 3\u00bb en 2003 et m\u00eame \u00e0 la \u00abCat\u00e9gorie 2\u00bb en 2005.<\/p>\n<p>Premi\u00e8re organisation du parcours d\u2019Artistes \u00e0 travers Eghez\u00e9e.<\/p>\n<p>3 antennes d\u2019Ecrin furent inaugur\u00e9es :<\/p>\n<p>&#8211;\u00a0<u>la Ludoth\u00e8que<\/u>\u00a0(jeux de soci\u00e9t\u00e9 pour tous, du plus petit au plus grand),<br \/>\n&#8211;\u00a0<u>la Marmoth\u00e8que<\/u>\u00a0(biblioth\u00e8que enfantines),<br \/>\n&#8211;\u00a0<u>l\u2019Adoth\u00e8que\u00a0<\/u>(biblioth\u00e8que pour adolescents).<br \/>\nInitialement situ\u00e9es \u00e0 la Gare de Leuze<\/p>\n<p><strong>2003<\/strong><\/p>\n<p>En 2003, l\u2019asbl \u00abClos copains\u00bb fut incorpor\u00e9e dans l\u2019Ecrin et devint Terre Franche, le Centre d\u2019Expression et de Cr\u00e9ativit\u00e9 de l\u2019asbl Ecrin. Il organise des ateliers hebdomadaires, des stages et des \u00e9v\u00e9nements dans plusieurs disciplines artistiques.<\/p>\n<p><strong>2004<\/strong><\/p>\n<p>Premi\u00e8re organisation des Cimaises d\u2019Ecrin, un concours d\u2019artistes organis\u00e9 en collaboration avec l\u2019Atelier de peinture d\u2019Eghez\u00e9e. Ce salon international d\u2019artistes a lieu tous les 2 ans.<\/p>\n<p><strong>2006-2007<\/strong><\/p>\n<p>Op\u00e9ration \u00abCoeur de village\u00bb avait pour objectif de r\u00e9v\u00e9ler l\u2019identit\u00e9 des villages \u00e0 travers des t\u00e9moignages et des anecdotes racont\u00e9es par leurs habitants.<br \/>\nCette op\u00e9ration d\u2019un an s\u2019est termin\u00e9e par une exposition du 12 au 27 mai 2007 qui a rassembl\u00e9 les souvenirs,les objets exhum\u00e9s, les photos,&#8230;<\/p>\n<p><strong>2007-2008<\/strong><\/p>\n<p>Op\u00e9ration \u00abGrand ramassage des peurs\u00bb. Des com\u00e9diens ont r\u00e9colt\u00e9 et mis en sc\u00e8ne les peurs de gens.<\/p>\n<p><strong>2008<\/strong><\/p>\n<p>D\u00e9part d\u2019Isabelle AUTHOM. Le Conseil d\u2019administration d\u2019ECRIN confie la gestion de l\u2019asbl \u00e0 Monsieur Benoit RAOULT ancien Animateur-Directeur du Centre culturel de Braine-l\u2019Alleud.<\/p>\n<p><strong>2011<\/strong><\/p>\n<p>D\u00e9marrage du concept Village aux artistes.\u00a0 Bien plus qu&rsquo;un parcours d&rsquo;artistes!<\/p>\n<p><strong>2012<\/strong><\/p>\n<p>Lancement du Beet Rock Festival, un festival indoor annuel d\u00e9di\u00e9 aux jeunes talents.<\/p>\n<p><strong>2015<\/strong><\/p>\n<p>Un partenariat d\u00e9marre avec Canal C.\u00a0 Il est articul\u00e9 autour d\u2019une programmation et d\u2019une diffusion t\u00e9l\u00e9vis\u00e9e de concerts de genres musicaux vari\u00e9s interpr\u00e9t\u00e9s gratuitement par des artistes professionnels. Le Centre culturel leur offre un encadrement, une aide technique et des conditions de prestations optimales.<\/p>\n<p><a href=\"http:\/\/www.canalc.be\/\">Canal C<\/a>\u00a0r\u00e9alise une captation audiovisuelle diffus\u00e9e lors de leur\u00a0<a href=\"http:\/\/www.canalc.be\/category\/emissions\/musiques\/\">\u00e9mission mensuelle \u00ab\u00a0Musiques\u00a0\u00bb<\/a>.<\/p>\n<p>Le groupe re\u00e7oit le montage de la captation. Ces concerts sont gratuits.<\/p>\n<p><strong>2019<\/strong><\/p>\n<p>Ecrin d\u00e9marre un nouveau Contrat-Programme qui le lie pour 5 ans avec la commune d\u2019Eghez\u00e9e, la Province de Namur et la F\u00e9d\u00e9ration Wallonie-Bruxelles. Il travaille sur 4 enjeux de soci\u00e9t\u00e9s.[\/vc_column_text][\/vc_tta_section][vc_tta_section i_icon_fontawesome=\u00a0\u00bbfas fa-address-book\u00a0\u00bb add_icon=\u00a0\u00bbtrue\u00a0\u00bb title=\u00a0\u00bbRespect des usagers\u00a0\u00bb tab_id=\u00a0\u00bb1700753628820-2b00ebb0-e86c\u00a0\u00bb][vc_column_text]<\/p>\n<div class=\"field field--name-field-gallery-images field--type-image field--label-hidden field__items\">\n<div class=\"field__item\"><img loading=\"lazy\" decoding=\"async\" class=\"image-style-gallery img-fluid\" src=\"https:\/\/www.grandcurtius.be\/sites\/default\/files\/styles\/gallery\/public\/2023-03\/engagement%20operateurs%20culturels_0.jpg?itok=cy2QolI0\" alt=\"Visuel de la Charte des Engagements des op\u00e9rateurs culturels FWB\" width=\"960\" height=\"540\" \/><\/div>\n<\/div>\n<div class=\"clearfix text-formatted field field--name-body field--type-text-with-summary field--label-hidden field__item\">\n<h6>Droits des usagers et publics de la Culture<\/h6>\n<p>La F\u00e9d\u00e9ration Wallonie-Bruxelles reconna\u00eet explicitement des droits aux usagers et aux publics de la culture. Depuis 2006, les op\u00e9rateurs culturels s\u2019engagent explicitement \u00e0 respecter les droits de leurs usagers\u00a0<strong>via un code affich\u00e9 dans les lieux culturels<\/strong>.<\/p>\n<p>La volont\u00e9 est que tous en sortent gagnants au bout du compte. A la fois, les usagers qui ont un meilleur accueil (dans un sens large) et les acteurs culturels qui gagnent un suppl\u00e9ment de confiance de la part des usagers.<\/p>\n<p>L&rsquo;objectif est de contribuer \u00e0 un meilleur acc\u00e8s et \u00e0 une plus large participation de tous \u00e0 la culture.<\/p>\n<p><strong>Suite \u00e0 votre interpellation, vous n\u2019\u00eates pas satisfait par la r\u00e9ponse donn\u00e9e, ou l\u2019absence de r\u00e9ponse, d\u2019un op\u00e9rateur culturel\u202f?<\/strong><\/p>\n<p>Si l\u2019op\u00e9rateur culturel et l\u2019usager ne parviennent pas \u00e0 une solution amiable \u00e0 la suite d\u2019une plainte \u00e9crite circonstanci\u00e9e adress\u00e9e \u00e0 l\u2019op\u00e9rateur, l\u2019usager a la possibilit\u00e9 de relayer sa plainte aupr\u00e8s de l\u2019Administration G\u00e9n\u00e9rale de la Culture qui est charg\u00e9e de la traiter dans un d\u00e9lai raisonnable et d\u2019en informer le M\u00e9diateur de la F\u00e9d\u00e9ration Wallonie-Bruxelles.<\/p>\n<p><strong>Le Code\u00a0\u00ab\u00a0Engagements des op\u00e9rateurs culturels \u00e0 l\u2019\u00e9gard de leurs usagers\u00a0\u00bb<\/strong><\/p>\n<p style=\"text-align: center;\">Source : Texte\u00a0issu\u00a0du\u00a0PORTAIL OFFICIEL DE LA CULTURE EN F\u00c9D\u00c9RATION WALLONIE-BRUXELLES :<a href=\"http:\/\/msw.be\/2022\/12\/20\/fw-b-charte-des-engagements-des-operateurs-culturels-a-legard-de-leurs-usagers\/?utm_source=rss&amp;utm_medium=rss&amp;utm_campaign=fw-b-charte-des-engagements-des-operateurs-culturels-a-legard-de-leurs-usagers\">\u00a0https:\/\/www.culture.be\/index.php?id=5235&amp;L=..%2F..%2F..<\/a><\/p>\n<\/div>\n<p>[\/vc_column_text][\/vc_tta_section][\/vc_tta_tabs][vc_row_inner][vc_column_inner][\/vc_column_inner][\/vc_row_inner][\/vc_column][\/vc_row]<\/p>\n<\/div>","protected":false},"excerpt":{"rendered":"<p>[vc_row][vc_column][\/vc_column][\/vc_row][vc_row][vc_column][vc_tta_tabs style=\u00a0\u00bbmodern\u00a0\u00bb active_section=\u00a0\u00bb1&Prime; css_animation=\u00a0\u00bbfadeInDown\u00a0\u00bb][vc_tta_section i_type=\u00a0\u00bbentypo\u00a0\u00bb i_icon_entypo=\u00a0\u00bbentypo-icon entypo-icon-tools\u00a0\u00bb add_icon=\u00a0\u00bbtrue\u00a0\u00bb title=\u00a0\u00bbNos missions\u00a0\u00bb tab_id=\u00a0\u00bb1553765563870-6f7d4f83-e77c\u00a0\u00bb][vc_row_inner][vc_column_inner width=\u00a0\u00bb1\/2&Prime;][vc_video link=\u00a0\u00bbhttps:\/\/vimeo.com\/333291243&Prime;][vc_video link=\u00a0\u00bbhttps:\/\/vimeo.com\/497644715&Prime;][\/vc_column_inner][vc_column_inner width=\u00a0\u00bb1\/2&Prime;][vc_column_text]Nous avons men\u00e9 un travail d\u2019analyse en vue de mettre en&#8230;<\/p>\n<p class=\"readmore\"><a class=\"more-btn\" href=\"https:\/\/www.ecrin.be\/?page_id=31\">Read More<\/a><\/p>\n","protected":false},"author":1,"featured_media":0,"parent":0,"menu_order":0,"comment_status":"closed","ping_status":"closed","template":"","meta":{"sfsi_plus_gutenberg_text_before_share":"","sfsi_plus_gutenberg_show_text_before_share":"","sfsi_plus_gutenberg_icon_type":"","sfsi_plus_gutenberg_icon_alignemt":"","sfsi_plus_gutenburg_max_per_row":"","footnotes":""},"publishpress_future_action":{"enabled":false,"date":"2026-05-06 18:54:37","action":"change-status","newStatus":"draft","terms":[],"taxonomy":""},"_links":{"self":[{"href":"https:\/\/www.ecrin.be\/index.php?rest_route=\/wp\/v2\/pages\/31"}],"collection":[{"href":"https:\/\/www.ecrin.be\/index.php?rest_route=\/wp\/v2\/pages"}],"about":[{"href":"https:\/\/www.ecrin.be\/index.php?rest_route=\/wp\/v2\/types\/page"}],"author":[{"embeddable":true,"href":"https:\/\/www.ecrin.be\/index.php?rest_route=\/wp\/v2\/users\/1"}],"replies":[{"embeddable":true,"href":"https:\/\/www.ecrin.be\/index.php?rest_route=%2Fwp%2Fv2%2Fcomments&post=31"}],"version-history":[{"count":272,"href":"https:\/\/www.ecrin.be\/index.php?rest_route=\/wp\/v2\/pages\/31\/revisions"}],"predecessor-version":[{"id":6004,"href":"https:\/\/www.ecrin.be\/index.php?rest_route=\/wp\/v2\/pages\/31\/revisions\/6004"}],"wp:attachment":[{"href":"https:\/\/www.ecrin.be\/index.php?rest_route=%2Fwp%2Fv2%2Fmedia&parent=31"}],"curies":[{"name":"wp","href":"https:\/\/api.w.org\/{rel}","templated":true}]}}